{"version":"1.0","provider_name":"Ch\u00e2teau L&#039;Escarderie","provider_url":"https:\/\/lescarderievins.com\/en","author_name":"lescarderie","author_url":"https:\/\/lescarderievins.com\/en\/author\/lescarderie\/","title":"Salon des vins et de la bi\u00e8re Bio - Ch\u00e2teau L&#039;Escarderie","type":"rich","width":600,"height":338,"html":"<blockquote class=\"wp-embedded-content\" data-secret=\"xq5z6AVdNU\"><a href=\"https:\/\/lescarderievins.com\/en\/evenement\/salon-des-vins-et-de-la-biere-bio\/\">Salon des vins et de la bi\u00e8re Bio<\/a><\/blockquote><iframe sandbox=\"allow-scripts\" security=\"restricted\" src=\"https:\/\/lescarderievins.com\/en\/evenement\/salon-des-vins-et-de-la-biere-bio\/embed\/#?secret=xq5z6AVdNU\" width=\"600\" height=\"338\" title=\"&#8220;Salon des vins et de la bi\u00e8re Bio&#8221; &#8212; Ch\u00e2teau L&#039;Escarderie\" data-secret=\"xq5z6AVdNU\" frameborder=\"0\" marginwidth=\"0\" marginheight=\"0\" scrolling=\"no\" class=\"wp-embedded-content\"><\/iframe><script>\n\/*! This file is auto-generated *\/\n!function(d,l){\"use strict\";l.querySelector&&d.addEventListener&&\"undefined\"!=typeof URL&&(d.wp=d.wp||{},d.wp.receiveEmbedMessage||(d.wp.receiveEmbedMessage=function(e){var t=e.data;if((t||t.secret||t.message||t.value)&&!\/[^a-zA-Z0-9]\/.test(t.secret)){for(var s,r,n,a=l.querySelectorAll('iframe[data-secret=\"'+t.secret+'\"]'),o=l.querySelectorAll('blockquote[data-secret=\"'+t.secret+'\"]'),c=new RegExp(\"^https?:$\",\"i\"),i=0;i<o.length;i++)o[i].style.display=\"none\";for(i=0;i<a.length;i++)s=a[i],e.source===s.contentWindow&&(s.removeAttribute(\"style\"),\"height\"===t.message?(1e3<(r=parseInt(t.value,10))?r=1e3:~~r<200&&(r=200),s.height=r):\"link\"===t.message&&(r=new URL(s.getAttribute(\"src\")),n=new URL(t.value),c.test(n.protocol))&&n.host===r.host&&l.activeElement===s&&(d.top.location.href=t.value))}},d.addEventListener(\"message\",d.wp.receiveEmbedMessage,!1),l.addEventListener(\"DOMContentLoaded\",function(){for(var e,t,s=l.querySelectorAll(\"iframe.wp-embedded-content\"),r=0;r<s.length;r++)(t=(e=s[r]).getAttribute(\"data-secret\"))||(t=Math.random().toString(36).substring(2,12),e.src+=\"#?secret=\"+t,e.setAttribute(\"data-secret\",t)),e.contentWindow.postMessage({message:\"ready\",secret:t},\"*\")},!1)))}(window,document);\n\/\/# sourceURL=https:\/\/lescarderievins.com\/wp-includes\/js\/wp-embed.min.js\n<\/script>","thumbnail_url":"https:\/\/lescarderievins.com\/wp-content\/uploads\/2023\/11\/affiche-2023-scaled.jpg","thumbnail_width":1822,"thumbnail_height":2560,"description":"Les membres de l\u2019association \u00ab Les paniers champanellois \u00bb nous ont gentiment propos\u00e9 de venir exposer \u00e0 leur salon annuel. Ravis de cette occasion de faire d\u00e9couvrir nos vins aux amateurs auvergnats ! One last fair added to the list: we will be in the south of Clermont Ferrand, central France, this weekend!"}