{"id":1277,"date":"2023-05-25T11:33:24","date_gmt":"2023-05-25T11:33:24","guid":{"rendered":"https:\/\/lescarderievins.com\/?post_type=tribe_events&#038;p=1277"},"modified":"2023-05-25T11:34:49","modified_gmt":"2023-05-25T11:34:49","slug":"salon-professionnel-paris","status":"publish","type":"tribe_events","link":"https:\/\/lescarderievins.com\/en\/evenement\/salon-professionnel-paris\/","title":{"rendered":"Salon professionnel Paris"},"content":{"rendered":"<p>Le 21 novembre nous serons \u00e0 Paris pour un salon professionnel : \u00e0 cette occasion nous pourrons vous amener des vins en R\u00e9gion Parisienne ou sur la route, si vous souhaitez commander !<br \/>\nEnsuite la 3eme \u00e9dtion du salon\u00a0<a href=\"https:\/\/www.vitisaveurs.com\/salon-vins-de-gastronomie\/poitiers\/\" target=\"_blank\" rel=\"noopener\">Vitisaveurs de Nantes\u00a0<\/a><a href=\"https:\/\/www.vinomedia.fr\/salon-du-vin-vinomedia-de-rouen-la-bouille\/\" target=\"_blank\" rel=\"noopener\">\u00a0<\/a>se d\u00e9roulera du vendredi 2\u00a0au dimanche 4\u00a0decembre. Nous vous renverrons une info quand nous aurons les invitations gratuites.<\/p>\n<p>Pour toute commande pass\u00e9e avant les salons 10% sont offerts !\u00a0<a href=\"mailto:lescarderievins@orange.fr?subject=Pr%C3%A9-commande%20de%20vins&amp;body=Bonjour%20!%0A%0AJe%20souhaite%20b%C3%A9n%C3%A9ficier%20de%20l%27offre%20de%20pr%C3%A9-r%C3%A9servation%20pour%20l%27achat%20de%20vins.%0AJe%20commande%0A%20%20%20%20%20%20%20%20%20%20%20%20%20%20cartons%20de%20Cuv%C3%A9e%20Passion%202017%20(54%20euros%20les%206%20bouteilles)%0A%20%20%20%20%20%20%20%20%20%20%20%20%20%20cartons%20de%20Cuv%C3%A9e%20Amphora%20(90%20euros%20les%206%20bouteilles)%0A%20%20%20%20%20%20%20%20%20%20%20%20%20%20cartons%20de%20Ch%C3%A2teau%20l%27Escarderie%20(90%20euros%20les%206%20bouteilles)%0A%20%20%20%20%20%20%20%20%20%20%20%20%20%20cartons%20de%20P%C3%A9tillant%20naturel%20(60%20euros%20les%206%20bouteilles)%0A%0AJe%20viendrai%20r%C3%A9cup%C3%A9rer%20ma%20commande%20au%20salon%20de%20%0ARouen%0APoitiers%0ANantes%0AParis%0A%0AMes%20coordonn%C3%A9es%20%3A%20%0ANom%20%3A%0ANum%C3%A9ro%20de%20t%C3%A9l%C3%A9phone%0A%0AA%20bient%C3%B4t%2C%0A%0A\" target=\"_blank\" rel=\"noopener\">R\u00e9servation ici.<\/a><\/p>","protected":false},"excerpt":{"rendered":"<p>Le 21 novembre nous serons \u00e0 Paris pour un salon professionnel : \u00e0 cette occasion nous pourrons vous amener des vins en R\u00e9gion Parisienne ou sur la route, si vous souhaitez commander ! Ensuite la 3eme \u00e9dtion du salon\u00a0Vitisaveurs de Nantes\u00a0\u00a0se d\u00e9roulera du vendredi 2\u00a0au dimanche 4\u00a0decembre. Nous vous renverrons une info quand nous aurons les invitations gratuites. Pour toute commande pass\u00e9e avant les salons 10% sont offerts !\u00a0R\u00e9servation ici.<\/p>","protected":false},"author":2,"featured_media":1278,"template":"","meta":{"_acf_changed":false,"_price":"","_stock":"","_tribe_ticket_header":"","_tribe_default_ticket_provider":"","_ticket_start_date":"","_ticket_end_date":"","_tribe_ticket_show_description":"","_tribe_ticket_show_not_going":false,"_tribe_ticket_use_global_stock":"","_tribe_ticket_global_stock_level":"","_global_stock_mode":"","_global_stock_cap":"","_tribe_rsvp_for_event":"","_tribe_ticket_going_count":"","_tribe_ticket_not_going_count":"","_tribe_tickets_list":"[]","_tribe_ticket_has_attendee_info_fields":false,"_tribe_events_status":"","_tribe_events_status_reason":"","footnotes":"","_tec_slr_enabled":"","_tec_slr_layout":""},"tags":[],"tribe_events_cat":[],"class_list":["post-1277","tribe_events","type-tribe_events","status-publish","has-post-thumbnail","hentry"],"acf":[],"yoast_head":"<!-- This site is optimized with the Yoast SEO plugin v27.5 - https:\/\/yoast.com\/product\/yoast-seo-wordpress\/ -->\n<title>Salon professionnel Paris - Ch\u00e2teau L&#039;Escarderie<\/title>\n<meta name=\"robots\" content=\"index, follow, max-snippet:-1, max-image-preview:large, max-video-preview:-1\" \/>\n<link rel=\"canonical\" href=\"https:\/\/lescarderievins.com\/en\/evenement\/salon-professionnel-paris\/\" \/>\n<meta property=\"og:locale\" content=\"en_GB\" \/>\n<meta property=\"og:type\" content=\"article\" \/>\n<meta property=\"og:title\" content=\"Salon professionnel Paris - Ch\u00e2teau L&#039;Escarderie\" \/>\n<meta property=\"og:description\" content=\"Le 21 novembre nous serons \u00e0 Paris pour un salon professionnel : \u00e0 cette occasion nous pourrons vous amener des vins en R\u00e9gion Parisienne ou sur la route, si vous souhaitez commander ! Ensuite la 3eme \u00e9dtion du salon\u00a0Vitisaveurs de Nantes\u00a0\u00a0se d\u00e9roulera du vendredi 2\u00a0au dimanche 4\u00a0decembre. Nous vous renverrons une info quand nous aurons les invitations gratuites. Pour toute commande pass\u00e9e avant les salons 10% sont offerts !\u00a0R\u00e9servation ici.\" \/>\n<meta property=\"og:url\" content=\"https:\/\/lescarderievins.com\/en\/evenement\/salon-professionnel-paris\/\" \/>\n<meta property=\"og:site_name\" content=\"Ch\u00e2teau L&#039;Escarderie\" \/>\n<meta property=\"article:publisher\" content=\"https:\/\/www.facebook.com\/search\/top\/?q=ch%c3%a2teau%20l%27escarderie\" \/>\n<meta property=\"article:modified_time\" content=\"2023-05-25T11:34:49+00:00\" \/>\n<meta property=\"og:image\" content=\"https:\/\/lescarderievins.com\/wp-content\/uploads\/2023\/05\/f34385c6-7a53-e64c-39c4-7321c468f813.jpg\" \/>\n\t<meta property=\"og:image:width\" content=\"1190\" \/>\n\t<meta property=\"og:image:height\" content=\"1684\" \/>\n\t<meta property=\"og:image:type\" content=\"image\/jpeg\" \/>\n<meta name=\"twitter:card\" content=\"summary_large_image\" \/>\n<meta name=\"twitter:label1\" content=\"Estimated reading time\" \/>\n\t<meta name=\"twitter:data1\" content=\"1 minute\" \/>\n<script type=\"application\/ld+json\" class=\"yoast-schema-graph\">{\"@context\":\"https:\\\/\\\/schema.org\",\"@graph\":[{\"@type\":\"WebPage\",\"@id\":\"https:\\\/\\\/lescarderievins.com\\\/evenement\\\/salon-professionnel-paris\\\/\",\"url\":\"https:\\\/\\\/lescarderievins.com\\\/evenement\\\/salon-professionnel-paris\\\/\",\"name\":\"Salon professionnel Paris - Ch\u00e2teau L&#039;Escarderie\",\"isPartOf\":{\"@id\":\"https:\\\/\\\/lescarderievins.com\\\/#website\"},\"primaryImageOfPage\":{\"@id\":\"https:\\\/\\\/lescarderievins.com\\\/evenement\\\/salon-professionnel-paris\\\/#primaryimage\"},\"image\":{\"@id\":\"https:\\\/\\\/lescarderievins.com\\\/evenement\\\/salon-professionnel-paris\\\/#primaryimage\"},\"thumbnailUrl\":\"https:\\\/\\\/lescarderievins.com\\\/wp-content\\\/uploads\\\/2023\\\/05\\\/f34385c6-7a53-e64c-39c4-7321c468f813.jpg\",\"datePublished\":\"2023-05-25T11:33:24+00:00\",\"dateModified\":\"2023-05-25T11:34:49+00:00\",\"breadcrumb\":{\"@id\":\"https:\\\/\\\/lescarderievins.com\\\/evenement\\\/salon-professionnel-paris\\\/#breadcrumb\"},\"inLanguage\":\"en-GB\",\"potentialAction\":[{\"@type\":\"ReadAction\",\"target\":[\"https:\\\/\\\/lescarderievins.com\\\/evenement\\\/salon-professionnel-paris\\\/\"]}]},{\"@type\":\"ImageObject\",\"inLanguage\":\"en-GB\",\"@id\":\"https:\\\/\\\/lescarderievins.com\\\/evenement\\\/salon-professionnel-paris\\\/#primaryimage\",\"url\":\"https:\\\/\\\/lescarderievins.com\\\/wp-content\\\/uploads\\\/2023\\\/05\\\/f34385c6-7a53-e64c-39c4-7321c468f813.jpg\",\"contentUrl\":\"https:\\\/\\\/lescarderievins.com\\\/wp-content\\\/uploads\\\/2023\\\/05\\\/f34385c6-7a53-e64c-39c4-7321c468f813.jpg\",\"width\":1190,\"height\":1684},{\"@type\":\"BreadcrumbList\",\"@id\":\"https:\\\/\\\/lescarderievins.com\\\/evenement\\\/salon-professionnel-paris\\\/#breadcrumb\",\"itemListElement\":[{\"@type\":\"ListItem\",\"position\":1,\"name\":\"Accueil\",\"item\":\"https:\\\/\\\/lescarderievins.com\\\/\"},{\"@type\":\"ListItem\",\"position\":2,\"name\":\"\u00c9v\u00e8nements\",\"item\":\"https:\\\/\\\/lescarderievins.com\\\/evenements\\\/\"},{\"@type\":\"ListItem\",\"position\":3,\"name\":\"Salon professionnel Paris\"}]},{\"@type\":\"WebSite\",\"@id\":\"https:\\\/\\\/lescarderievins.com\\\/#website\",\"url\":\"https:\\\/\\\/lescarderievins.com\\\/\",\"name\":\"Ch\u00e2teau L&#039;Escarderie\",\"description\":\"Fronsac Saint \u00e9milion\",\"publisher\":{\"@id\":\"https:\\\/\\\/lescarderievins.com\\\/#organization\"},\"potentialAction\":[{\"@type\":\"SearchAction\",\"target\":{\"@type\":\"EntryPoint\",\"urlTemplate\":\"https:\\\/\\\/lescarderievins.com\\\/?s={search_term_string}\"},\"query-input\":{\"@type\":\"PropertyValueSpecification\",\"valueRequired\":true,\"valueName\":\"search_term_string\"}}],\"inLanguage\":\"en-GB\"},{\"@type\":\"Organization\",\"@id\":\"https:\\\/\\\/lescarderievins.com\\\/#organization\",\"name\":\"Ch\u00e2teau l'Escarderie\",\"url\":\"https:\\\/\\\/lescarderievins.com\\\/\",\"logo\":{\"@type\":\"ImageObject\",\"inLanguage\":\"en-GB\",\"@id\":\"https:\\\/\\\/lescarderievins.com\\\/#\\\/schema\\\/logo\\\/image\\\/\",\"url\":\"https:\\\/\\\/lescarderievins.com\\\/wp-content\\\/uploads\\\/2017\\\/04\\\/volutes-e1506272293181.png\",\"contentUrl\":\"https:\\\/\\\/lescarderievins.com\\\/wp-content\\\/uploads\\\/2017\\\/04\\\/volutes-e1506272293181.png\",\"width\":355,\"height\":360,\"caption\":\"Ch\u00e2teau l'Escarderie\"},\"image\":{\"@id\":\"https:\\\/\\\/lescarderievins.com\\\/#\\\/schema\\\/logo\\\/image\\\/\"},\"sameAs\":[\"https:\\\/\\\/www.facebook.com\\\/search\\\/top\\\/?q=ch\u00e2teau l'escarderie\"]}]}<\/script>\n<!-- \/ Yoast SEO plugin. -->","yoast_head_json":{"title":"Salon professionnel Paris - Ch\u00e2teau L&#039;Escarderie","robots":{"index":"index","follow":"follow","max-snippet":"max-snippet:-1","max-image-preview":"max-image-preview:large","max-video-preview":"max-video-preview:-1"},"canonical":"https:\/\/lescarderievins.com\/en\/evenement\/salon-professionnel-paris\/","og_locale":"en_GB","og_type":"article","og_title":"Salon professionnel Paris - Ch\u00e2teau L&#039;Escarderie","og_description":"Le 21 novembre nous serons \u00e0 Paris pour un salon professionnel : \u00e0 cette occasion nous pourrons vous amener des vins en R\u00e9gion Parisienne ou sur la route, si vous souhaitez commander ! Ensuite la 3eme \u00e9dtion du salon\u00a0Vitisaveurs de Nantes\u00a0\u00a0se d\u00e9roulera du vendredi 2\u00a0au dimanche 4\u00a0decembre. Nous vous renverrons une info quand nous aurons les invitations gratuites. Pour toute commande pass\u00e9e avant les salons 10% sont offerts !\u00a0R\u00e9servation ici.","og_url":"https:\/\/lescarderievins.com\/en\/evenement\/salon-professionnel-paris\/","og_site_name":"Ch\u00e2teau L&#039;Escarderie","article_publisher":"https:\/\/www.facebook.com\/search\/top\/?q=ch%c3%a2teau%20l%27escarderie","article_modified_time":"2023-05-25T11:34:49+00:00","og_image":[{"width":1190,"height":1684,"url":"https:\/\/lescarderievins.com\/wp-content\/uploads\/2023\/05\/f34385c6-7a53-e64c-39c4-7321c468f813.jpg","type":"image\/jpeg"}],"twitter_card":"summary_large_image","twitter_misc":{"Estimated reading time":"1 minute"},"schema":{"@context":"https:\/\/schema.org","@graph":[{"@type":"WebPage","@id":"https:\/\/lescarderievins.com\/evenement\/salon-professionnel-paris\/","url":"https:\/\/lescarderievins.com\/evenement\/salon-professionnel-paris\/","name":"Salon professionnel Paris - Ch\u00e2teau L&#039;Escarderie","isPartOf":{"@id":"https:\/\/lescarderievins.com\/#website"},"primaryImageOfPage":{"@id":"https:\/\/lescarderievins.com\/evenement\/salon-professionnel-paris\/#primaryimage"},"image":{"@id":"https:\/\/lescarderievins.com\/evenement\/salon-professionnel-paris\/#primaryimage"},"thumbnailUrl":"https:\/\/lescarderievins.com\/wp-content\/uploads\/2023\/05\/f34385c6-7a53-e64c-39c4-7321c468f813.jpg","datePublished":"2023-05-25T11:33:24+00:00","dateModified":"2023-05-25T11:34:49+00:00","breadcrumb":{"@id":"https:\/\/lescarderievins.com\/evenement\/salon-professionnel-paris\/#breadcrumb"},"inLanguage":"en-GB","potentialAction":[{"@type":"ReadAction","target":["https:\/\/lescarderievins.com\/evenement\/salon-professionnel-paris\/"]}]},{"@type":"ImageObject","inLanguage":"en-GB","@id":"https:\/\/lescarderievins.com\/evenement\/salon-professionnel-paris\/#primaryimage","url":"https:\/\/lescarderievins.com\/wp-content\/uploads\/2023\/05\/f34385c6-7a53-e64c-39c4-7321c468f813.jpg","contentUrl":"https:\/\/lescarderievins.com\/wp-content\/uploads\/2023\/05\/f34385c6-7a53-e64c-39c4-7321c468f813.jpg","width":1190,"height":1684},{"@type":"BreadcrumbList","@id":"https:\/\/lescarderievins.com\/evenement\/salon-professionnel-paris\/#breadcrumb","itemListElement":[{"@type":"ListItem","position":1,"name":"Accueil","item":"https:\/\/lescarderievins.com\/"},{"@type":"ListItem","position":2,"name":"\u00c9v\u00e8nements","item":"https:\/\/lescarderievins.com\/evenements\/"},{"@type":"ListItem","position":3,"name":"Salon professionnel Paris"}]},{"@type":"WebSite","@id":"https:\/\/lescarderievins.com\/#website","url":"https:\/\/lescarderievins.com\/","name":"Ch\u00e2teau L&#039;Escarderie","description":"Fronsac Saint \u00e9milion","publisher":{"@id":"https:\/\/lescarderievins.com\/#organization"},"potentialAction":[{"@type":"SearchAction","target":{"@type":"EntryPoint","urlTemplate":"https:\/\/lescarderievins.com\/?s={search_term_string}"},"query-input":{"@type":"PropertyValueSpecification","valueRequired":true,"valueName":"search_term_string"}}],"inLanguage":"en-GB"},{"@type":"Organization","@id":"https:\/\/lescarderievins.com\/#organization","name":"Ch\u00e2teau l'Escarderie","url":"https:\/\/lescarderievins.com\/","logo":{"@type":"ImageObject","inLanguage":"en-GB","@id":"https:\/\/lescarderievins.com\/#\/schema\/logo\/image\/","url":"https:\/\/lescarderievins.com\/wp-content\/uploads\/2017\/04\/volutes-e1506272293181.png","contentUrl":"https:\/\/lescarderievins.com\/wp-content\/uploads\/2017\/04\/volutes-e1506272293181.png","width":355,"height":360,"caption":"Ch\u00e2teau l'Escarderie"},"image":{"@id":"https:\/\/lescarderievins.com\/#\/schema\/logo\/image\/"},"sameAs":["https:\/\/www.facebook.com\/search\/top\/?q=ch\u00e2teau l'escarderie"]}]}},"ticketed":false,"_links":{"self":[{"href":"https:\/\/lescarderievins.com\/en\/wp-json\/wp\/v2\/tribe_events\/1277","targetHints":{"allow":["GET"]}}],"collection":[{"href":"https:\/\/lescarderievins.com\/en\/wp-json\/wp\/v2\/tribe_events"}],"about":[{"href":"https:\/\/lescarderievins.com\/en\/wp-json\/wp\/v2\/types\/tribe_events"}],"author":[{"embeddable":true,"href":"https:\/\/lescarderievins.com\/en\/wp-json\/wp\/v2\/users\/2"}],"version-history":[{"count":1,"href":"https:\/\/lescarderievins.com\/en\/wp-json\/wp\/v2\/tribe_events\/1277\/revisions"}],"predecessor-version":[{"id":1279,"href":"https:\/\/lescarderievins.com\/en\/wp-json\/wp\/v2\/tribe_events\/1277\/revisions\/1279"}],"wp:featuredmedia":[{"embeddable":true,"href":"https:\/\/lescarderievins.com\/en\/wp-json\/wp\/v2\/media\/1278"}],"wp:attachment":[{"href":"https:\/\/lescarderievins.com\/en\/wp-json\/wp\/v2\/media?parent=1277"}],"wp:term":[{"taxonomy":"post_tag","embeddable":true,"href":"https:\/\/lescarderievins.com\/en\/wp-json\/wp\/v2\/tags?post=1277"},{"taxonomy":"tribe_events_cat","embeddable":true,"href":"https:\/\/lescarderievins.com\/en\/wp-json\/wp\/v2\/tribe_events_cat?post=1277"}],"curies":[{"name":"wp","href":"https:\/\/api.w.org\/{rel}","templated":true}]}}