{"id":1760,"date":"2023-08-18T09:36:26","date_gmt":"2023-08-18T09:36:26","guid":{"rendered":"https:\/\/lescarderievins.com\/?post_type=tribe_events&#038;p=1760"},"modified":"2023-08-25T16:11:45","modified_gmt":"2023-08-25T16:11:45","slug":"apero-fronsac","status":"publish","type":"tribe_events","link":"https:\/\/lescarderievins.com\/en\/evenement\/apero-fronsac\/","title":{"rendered":"Ap\u00e9ro Fronsac"},"content":{"rendered":"<p>Dernier rendez-vous Ap\u00e9ro Fronsac de l&rsquo;\u00e9t\u00e9 2023. Venez d\u00e9guster des vins du Fronsadais, \u00e9couter de la musique live et d\u00eener dans une ambiance conviviale. La vue sur la Dordogne est magnifique et c&rsquo;est \u00e0 quelques kilom\u00e8tres de Libourne seulement. Nous y serons avec nos vins : Ch\u00e2teau l&rsquo;Escarderie, le \u00ab\u00a0faux\u00a0\u00bb classique barriques-amphores, Passion, le vin accessible et sans chichis, Amphora, l&rsquo;original 100% amphores ! Sans oublier Pet Nat, p\u00e9tillant naturel 90% malbec, attention derni\u00e8res bouteilles disponibles&#8230;<\/p>\n<p>Last Ap\u00e9ro Fronsac event of 2023. We will be present with our wines! Come and have a nice evening tasting wines, looking over the Dordogne river, while listening to live music and having a dinner prepared by two food-trucks.<\/p>\n<p><img fetchpriority=\"high\" decoding=\"async\" class=\"alignnone size-medium wp-image-1761\" src=\"https:\/\/lescarderievins.com\/wp-content\/uploads\/2023\/08\/AFFICHE-WEB-24-AOUT-211x300.png\" alt=\"\" width=\"211\" height=\"300\" srcset=\"https:\/\/lescarderievins.com\/wp-content\/uploads\/2023\/08\/AFFICHE-WEB-24-AOUT-211x300.png 211w, https:\/\/lescarderievins.com\/wp-content\/uploads\/2023\/08\/AFFICHE-WEB-24-AOUT-722x1024.png 722w, https:\/\/lescarderievins.com\/wp-content\/uploads\/2023\/08\/AFFICHE-WEB-24-AOUT-768x1090.png 768w, https:\/\/lescarderievins.com\/wp-content\/uploads\/2023\/08\/AFFICHE-WEB-24-AOUT-8x12.png 8w, https:\/\/lescarderievins.com\/wp-content\/uploads\/2023\/08\/AFFICHE-WEB-24-AOUT-600x851.png 600w, https:\/\/lescarderievins.com\/wp-content\/uploads\/2023\/08\/AFFICHE-WEB-24-AOUT.png 902w\" sizes=\"(max-width: 211px) 100vw, 211px\" \/><\/p>","protected":false},"excerpt":{"rendered":"<p>Dernier rendez-vous Ap\u00e9ro Fronsac de l&rsquo;\u00e9t\u00e9 2023. Venez d\u00e9guster des vins du Fronsadais, \u00e9couter de la musique live et d\u00eener dans une ambiance conviviale. La vue sur la Dordogne est magnifique et c&rsquo;est \u00e0 quelques kilom\u00e8tres de Libourne seulement. Nous y serons avec nos vins : Ch\u00e2teau l&rsquo;Escarderie, le \u00ab\u00a0faux\u00a0\u00bb classique barriques-amphores, Passion, le vin accessible et sans chichis, Amphora, l&rsquo;original 100% amphores ! Sans oublier Pet Nat, p\u00e9tillant naturel 90% malbec, attention derni\u00e8res bouteilles disponibles&#8230; Last Ap\u00e9ro Fronsac event of 2023. We will be present with our wines! Come and have a nice evening tasting wines, looking over the Dordogne river, while listening to live music and having a dinner prepared by two food-trucks.<\/p>","protected":false},"author":3,"featured_media":1761,"template":"","meta":{"_acf_changed":false,"_price":"","_stock":"","_tribe_ticket_header":"","_tribe_default_ticket_provider":"","_ticket_start_date":"","_ticket_end_date":"","_tribe_ticket_show_description":"","_tribe_ticket_show_not_going":false,"_tribe_ticket_use_global_stock":"","_tribe_ticket_global_stock_level":"","_global_stock_mode":"","_global_stock_cap":"","_tribe_rsvp_for_event":"","_tribe_ticket_going_count":"","_tribe_ticket_not_going_count":"","_tribe_tickets_list":"[]","_tribe_ticket_has_attendee_info_fields":false,"_tribe_events_status":"","_tribe_events_status_reason":"","footnotes":"","_tec_slr_enabled":"","_tec_slr_layout":""},"tags":[],"tribe_events_cat":[],"class_list":["post-1760","tribe_events","type-tribe_events","status-publish","has-post-thumbnail","hentry"],"acf":[],"yoast_head":"<!-- This site is optimized with the Yoast SEO plugin v27.5 - https:\/\/yoast.com\/product\/yoast-seo-wordpress\/ -->\n<title>Ap\u00e9ro Fronsac - Ch\u00e2teau L&#039;Escarderie<\/title>\n<meta name=\"description\" content=\"d\u00e9gustation en musique avec food-trucks, avec vignerons de l&#039;appellation Fronsac, \u00e0 seulement quelques kilom\u00e8tres de Libourne.\" \/>\n<meta name=\"robots\" content=\"index, follow, max-snippet:-1, max-image-preview:large, max-video-preview:-1\" \/>\n<link rel=\"canonical\" href=\"https:\/\/lescarderievins.com\/en\/evenement\/apero-fronsac\/\" \/>\n<meta property=\"og:locale\" content=\"en_GB\" \/>\n<meta property=\"og:type\" content=\"article\" \/>\n<meta property=\"og:title\" content=\"Ap\u00e9ro Fronsac - Ch\u00e2teau L&#039;Escarderie\" \/>\n<meta property=\"og:description\" content=\"d\u00e9gustation en musique avec food-trucks, avec vignerons de l&#039;appellation Fronsac, \u00e0 seulement quelques kilom\u00e8tres de Libourne.\" \/>\n<meta property=\"og:url\" content=\"https:\/\/lescarderievins.com\/en\/evenement\/apero-fronsac\/\" \/>\n<meta property=\"og:site_name\" content=\"Ch\u00e2teau L&#039;Escarderie\" \/>\n<meta property=\"article:publisher\" content=\"https:\/\/www.facebook.com\/search\/top\/?q=ch%c3%a2teau%20l%27escarderie\" \/>\n<meta property=\"article:modified_time\" content=\"2023-08-25T16:11:45+00:00\" \/>\n<meta property=\"og:image\" content=\"https:\/\/lescarderievins.com\/wp-content\/uploads\/2023\/08\/AFFICHE-WEB-24-AOUT.png\" \/>\n\t<meta property=\"og:image:width\" content=\"902\" \/>\n\t<meta property=\"og:image:height\" content=\"1280\" \/>\n\t<meta property=\"og:image:type\" content=\"image\/png\" \/>\n<meta name=\"twitter:card\" content=\"summary_large_image\" \/>\n<meta name=\"twitter:label1\" content=\"Estimated reading time\" \/>\n\t<meta name=\"twitter:data1\" content=\"1 minute\" \/>\n<script type=\"application\/ld+json\" class=\"yoast-schema-graph\">{\"@context\":\"https:\\\/\\\/schema.org\",\"@graph\":[{\"@type\":\"WebPage\",\"@id\":\"https:\\\/\\\/lescarderievins.com\\\/evenement\\\/apero-fronsac\\\/\",\"url\":\"https:\\\/\\\/lescarderievins.com\\\/evenement\\\/apero-fronsac\\\/\",\"name\":\"Ap\u00e9ro Fronsac - Ch\u00e2teau L&#039;Escarderie\",\"isPartOf\":{\"@id\":\"https:\\\/\\\/lescarderievins.com\\\/#website\"},\"primaryImageOfPage\":{\"@id\":\"https:\\\/\\\/lescarderievins.com\\\/evenement\\\/apero-fronsac\\\/#primaryimage\"},\"image\":{\"@id\":\"https:\\\/\\\/lescarderievins.com\\\/evenement\\\/apero-fronsac\\\/#primaryimage\"},\"thumbnailUrl\":\"https:\\\/\\\/lescarderievins.com\\\/wp-content\\\/uploads\\\/2023\\\/08\\\/AFFICHE-WEB-24-AOUT.png\",\"datePublished\":\"2023-08-18T09:36:26+00:00\",\"dateModified\":\"2023-08-25T16:11:45+00:00\",\"description\":\"d\u00e9gustation en musique avec food-trucks, avec vignerons de l'appellation Fronsac, \u00e0 seulement quelques kilom\u00e8tres de Libourne.\",\"breadcrumb\":{\"@id\":\"https:\\\/\\\/lescarderievins.com\\\/evenement\\\/apero-fronsac\\\/#breadcrumb\"},\"inLanguage\":\"en-GB\",\"potentialAction\":[{\"@type\":\"ReadAction\",\"target\":[\"https:\\\/\\\/lescarderievins.com\\\/evenement\\\/apero-fronsac\\\/\"]}]},{\"@type\":\"ImageObject\",\"inLanguage\":\"en-GB\",\"@id\":\"https:\\\/\\\/lescarderievins.com\\\/evenement\\\/apero-fronsac\\\/#primaryimage\",\"url\":\"https:\\\/\\\/lescarderievins.com\\\/wp-content\\\/uploads\\\/2023\\\/08\\\/AFFICHE-WEB-24-AOUT.png\",\"contentUrl\":\"https:\\\/\\\/lescarderievins.com\\\/wp-content\\\/uploads\\\/2023\\\/08\\\/AFFICHE-WEB-24-AOUT.png\",\"width\":902,\"height\":1280},{\"@type\":\"BreadcrumbList\",\"@id\":\"https:\\\/\\\/lescarderievins.com\\\/evenement\\\/apero-fronsac\\\/#breadcrumb\",\"itemListElement\":[{\"@type\":\"ListItem\",\"position\":1,\"name\":\"Accueil\",\"item\":\"https:\\\/\\\/lescarderievins.com\\\/\"},{\"@type\":\"ListItem\",\"position\":2,\"name\":\"\u00c9v\u00e8nements\",\"item\":\"https:\\\/\\\/lescarderievins.com\\\/evenements\\\/\"},{\"@type\":\"ListItem\",\"position\":3,\"name\":\"Ap\u00e9ro Fronsac\"}]},{\"@type\":\"WebSite\",\"@id\":\"https:\\\/\\\/lescarderievins.com\\\/#website\",\"url\":\"https:\\\/\\\/lescarderievins.com\\\/\",\"name\":\"Ch\u00e2teau L&#039;Escarderie\",\"description\":\"Fronsac Saint \u00e9milion\",\"publisher\":{\"@id\":\"https:\\\/\\\/lescarderievins.com\\\/#organization\"},\"potentialAction\":[{\"@type\":\"SearchAction\",\"target\":{\"@type\":\"EntryPoint\",\"urlTemplate\":\"https:\\\/\\\/lescarderievins.com\\\/?s={search_term_string}\"},\"query-input\":{\"@type\":\"PropertyValueSpecification\",\"valueRequired\":true,\"valueName\":\"search_term_string\"}}],\"inLanguage\":\"en-GB\"},{\"@type\":\"Organization\",\"@id\":\"https:\\\/\\\/lescarderievins.com\\\/#organization\",\"name\":\"Ch\u00e2teau l'Escarderie\",\"url\":\"https:\\\/\\\/lescarderievins.com\\\/\",\"logo\":{\"@type\":\"ImageObject\",\"inLanguage\":\"en-GB\",\"@id\":\"https:\\\/\\\/lescarderievins.com\\\/#\\\/schema\\\/logo\\\/image\\\/\",\"url\":\"https:\\\/\\\/lescarderievins.com\\\/wp-content\\\/uploads\\\/2017\\\/04\\\/volutes-e1506272293181.png\",\"contentUrl\":\"https:\\\/\\\/lescarderievins.com\\\/wp-content\\\/uploads\\\/2017\\\/04\\\/volutes-e1506272293181.png\",\"width\":355,\"height\":360,\"caption\":\"Ch\u00e2teau l'Escarderie\"},\"image\":{\"@id\":\"https:\\\/\\\/lescarderievins.com\\\/#\\\/schema\\\/logo\\\/image\\\/\"},\"sameAs\":[\"https:\\\/\\\/www.facebook.com\\\/search\\\/top\\\/?q=ch\u00e2teau l'escarderie\"]}]}<\/script>\n<!-- \/ Yoast SEO plugin. -->","yoast_head_json":{"title":"Ap\u00e9ro Fronsac - Ch\u00e2teau L&#039;Escarderie","description":"d\u00e9gustation en musique avec food-trucks, avec vignerons de l'appellation Fronsac, \u00e0 seulement quelques kilom\u00e8tres de Libourne.","robots":{"index":"index","follow":"follow","max-snippet":"max-snippet:-1","max-image-preview":"max-image-preview:large","max-video-preview":"max-video-preview:-1"},"canonical":"https:\/\/lescarderievins.com\/en\/evenement\/apero-fronsac\/","og_locale":"en_GB","og_type":"article","og_title":"Ap\u00e9ro Fronsac - Ch\u00e2teau L&#039;Escarderie","og_description":"d\u00e9gustation en musique avec food-trucks, avec vignerons de l'appellation Fronsac, \u00e0 seulement quelques kilom\u00e8tres de Libourne.","og_url":"https:\/\/lescarderievins.com\/en\/evenement\/apero-fronsac\/","og_site_name":"Ch\u00e2teau L&#039;Escarderie","article_publisher":"https:\/\/www.facebook.com\/search\/top\/?q=ch%c3%a2teau%20l%27escarderie","article_modified_time":"2023-08-25T16:11:45+00:00","og_image":[{"width":902,"height":1280,"url":"https:\/\/lescarderievins.com\/wp-content\/uploads\/2023\/08\/AFFICHE-WEB-24-AOUT.png","type":"image\/png"}],"twitter_card":"summary_large_image","twitter_misc":{"Estimated reading time":"1 minute"},"schema":{"@context":"https:\/\/schema.org","@graph":[{"@type":"WebPage","@id":"https:\/\/lescarderievins.com\/evenement\/apero-fronsac\/","url":"https:\/\/lescarderievins.com\/evenement\/apero-fronsac\/","name":"Ap\u00e9ro Fronsac - Ch\u00e2teau L&#039;Escarderie","isPartOf":{"@id":"https:\/\/lescarderievins.com\/#website"},"primaryImageOfPage":{"@id":"https:\/\/lescarderievins.com\/evenement\/apero-fronsac\/#primaryimage"},"image":{"@id":"https:\/\/lescarderievins.com\/evenement\/apero-fronsac\/#primaryimage"},"thumbnailUrl":"https:\/\/lescarderievins.com\/wp-content\/uploads\/2023\/08\/AFFICHE-WEB-24-AOUT.png","datePublished":"2023-08-18T09:36:26+00:00","dateModified":"2023-08-25T16:11:45+00:00","description":"d\u00e9gustation en musique avec food-trucks, avec vignerons de l'appellation Fronsac, \u00e0 seulement quelques kilom\u00e8tres de Libourne.","breadcrumb":{"@id":"https:\/\/lescarderievins.com\/evenement\/apero-fronsac\/#breadcrumb"},"inLanguage":"en-GB","potentialAction":[{"@type":"ReadAction","target":["https:\/\/lescarderievins.com\/evenement\/apero-fronsac\/"]}]},{"@type":"ImageObject","inLanguage":"en-GB","@id":"https:\/\/lescarderievins.com\/evenement\/apero-fronsac\/#primaryimage","url":"https:\/\/lescarderievins.com\/wp-content\/uploads\/2023\/08\/AFFICHE-WEB-24-AOUT.png","contentUrl":"https:\/\/lescarderievins.com\/wp-content\/uploads\/2023\/08\/AFFICHE-WEB-24-AOUT.png","width":902,"height":1280},{"@type":"BreadcrumbList","@id":"https:\/\/lescarderievins.com\/evenement\/apero-fronsac\/#breadcrumb","itemListElement":[{"@type":"ListItem","position":1,"name":"Accueil","item":"https:\/\/lescarderievins.com\/"},{"@type":"ListItem","position":2,"name":"\u00c9v\u00e8nements","item":"https:\/\/lescarderievins.com\/evenements\/"},{"@type":"ListItem","position":3,"name":"Ap\u00e9ro Fronsac"}]},{"@type":"WebSite","@id":"https:\/\/lescarderievins.com\/#website","url":"https:\/\/lescarderievins.com\/","name":"Ch\u00e2teau L&#039;Escarderie","description":"Fronsac Saint \u00e9milion","publisher":{"@id":"https:\/\/lescarderievins.com\/#organization"},"potentialAction":[{"@type":"SearchAction","target":{"@type":"EntryPoint","urlTemplate":"https:\/\/lescarderievins.com\/?s={search_term_string}"},"query-input":{"@type":"PropertyValueSpecification","valueRequired":true,"valueName":"search_term_string"}}],"inLanguage":"en-GB"},{"@type":"Organization","@id":"https:\/\/lescarderievins.com\/#organization","name":"Ch\u00e2teau l'Escarderie","url":"https:\/\/lescarderievins.com\/","logo":{"@type":"ImageObject","inLanguage":"en-GB","@id":"https:\/\/lescarderievins.com\/#\/schema\/logo\/image\/","url":"https:\/\/lescarderievins.com\/wp-content\/uploads\/2017\/04\/volutes-e1506272293181.png","contentUrl":"https:\/\/lescarderievins.com\/wp-content\/uploads\/2017\/04\/volutes-e1506272293181.png","width":355,"height":360,"caption":"Ch\u00e2teau l'Escarderie"},"image":{"@id":"https:\/\/lescarderievins.com\/#\/schema\/logo\/image\/"},"sameAs":["https:\/\/www.facebook.com\/search\/top\/?q=ch\u00e2teau l'escarderie"]}]}},"ticketed":false,"_links":{"self":[{"href":"https:\/\/lescarderievins.com\/en\/wp-json\/wp\/v2\/tribe_events\/1760","targetHints":{"allow":["GET"]}}],"collection":[{"href":"https:\/\/lescarderievins.com\/en\/wp-json\/wp\/v2\/tribe_events"}],"about":[{"href":"https:\/\/lescarderievins.com\/en\/wp-json\/wp\/v2\/types\/tribe_events"}],"author":[{"embeddable":true,"href":"https:\/\/lescarderievins.com\/en\/wp-json\/wp\/v2\/users\/3"}],"version-history":[{"count":2,"href":"https:\/\/lescarderievins.com\/en\/wp-json\/wp\/v2\/tribe_events\/1760\/revisions"}],"predecessor-version":[{"id":1764,"href":"https:\/\/lescarderievins.com\/en\/wp-json\/wp\/v2\/tribe_events\/1760\/revisions\/1764"}],"wp:featuredmedia":[{"embeddable":true,"href":"https:\/\/lescarderievins.com\/en\/wp-json\/wp\/v2\/media\/1761"}],"wp:attachment":[{"href":"https:\/\/lescarderievins.com\/en\/wp-json\/wp\/v2\/media?parent=1760"}],"wp:term":[{"taxonomy":"post_tag","embeddable":true,"href":"https:\/\/lescarderievins.com\/en\/wp-json\/wp\/v2\/tags?post=1760"},{"taxonomy":"tribe_events_cat","embeddable":true,"href":"https:\/\/lescarderievins.com\/en\/wp-json\/wp\/v2\/tribe_events_cat?post=1760"}],"curies":[{"name":"wp","href":"https:\/\/api.w.org\/{rel}","templated":true}]}}