{"id":1896,"date":"2023-11-23T18:50:46","date_gmt":"2023-11-23T18:50:46","guid":{"rendered":"https:\/\/lescarderievins.com\/?post_type=tribe_events&#038;p=1896"},"modified":"2024-02-23T09:41:08","modified_gmt":"2024-02-23T09:41:08","slug":"salon-des-vins-et-de-la-biere-bio","status":"publish","type":"tribe_events","link":"https:\/\/lescarderievins.com\/en\/evenement\/salon-des-vins-et-de-la-biere-bio\/","title":{"rendered":"Salon des vins et de la bi\u00e8re Bio"},"content":{"rendered":"<div class=\"xdj266r x11i5rnm xat24cr x1mh8g0r x1vvkbs x126k92a\">\n<div dir=\"auto\"><img fetchpriority=\"high\" decoding=\"async\" class=\"alignnone size-medium wp-image-1897\" src=\"https:\/\/lescarderievins.com\/wp-content\/uploads\/2023\/11\/affiche-2023-214x300.jpg\" alt=\"\" width=\"214\" height=\"300\" srcset=\"https:\/\/lescarderievins.com\/wp-content\/uploads\/2023\/11\/affiche-2023-214x300.jpg 214w, https:\/\/lescarderievins.com\/wp-content\/uploads\/2023\/11\/affiche-2023-729x1024.jpg 729w, https:\/\/lescarderievins.com\/wp-content\/uploads\/2023\/11\/affiche-2023-768x1079.jpg 768w, https:\/\/lescarderievins.com\/wp-content\/uploads\/2023\/11\/affiche-2023-1093x1536.jpg 1093w, https:\/\/lescarderievins.com\/wp-content\/uploads\/2023\/11\/affiche-2023-1458x2048.jpg 1458w, https:\/\/lescarderievins.com\/wp-content\/uploads\/2023\/11\/affiche-2023-9x12.jpg 9w, https:\/\/lescarderievins.com\/wp-content\/uploads\/2023\/11\/affiche-2023-600x843.jpg 600w, https:\/\/lescarderievins.com\/wp-content\/uploads\/2023\/11\/affiche-2023-scaled.jpg 1822w\" sizes=\"(max-width: 214px) 100vw, 214px\" \/><\/div>\n<div dir=\"auto\">Les membres de l\u2019association \u00ab Les paniers champanellois \u00bb nous ont gentiment propos\u00e9 de venir exposer \u00e0 leur salon annuel.<\/div>\n<div dir=\"auto\">Ravis de cette occasion de faire d\u00e9couvrir nos vins aux amateurs auvergnats !<\/div>\n<div dir=\"auto\"><\/div>\n<\/div>\n<div class=\"x11i5rnm xat24cr x1mh8g0r x1vvkbs xtlvy1s x126k92a\">\n<div dir=\"auto\">One last fair added to the list: we will be in the south of Clermont Ferrand, central France, this weekend!<\/div>\n<\/div>","protected":false},"excerpt":{"rendered":"<p>Les membres de l\u2019association \u00ab Les paniers champanellois \u00bb nous ont gentiment propos\u00e9 de venir exposer \u00e0 leur salon annuel. Ravis de cette occasion de faire d\u00e9couvrir nos vins aux amateurs auvergnats ! One last fair added to the list: we will be in the south of Clermont Ferrand, central France, this weekend!<\/p>","protected":false},"author":3,"featured_media":1897,"template":"","meta":{"_acf_changed":false,"_price":"","_stock":"","_tribe_ticket_header":"","_tribe_default_ticket_provider":"","_ticket_start_date":"","_ticket_end_date":"","_tribe_ticket_show_description":"","_tribe_ticket_show_not_going":false,"_tribe_ticket_use_global_stock":"","_tribe_ticket_global_stock_level":"","_global_stock_mode":"","_global_stock_cap":"","_tribe_rsvp_for_event":"","_tribe_ticket_going_count":"","_tribe_ticket_not_going_count":"","_tribe_tickets_list":"[]","_tribe_ticket_has_attendee_info_fields":false,"_tribe_events_status":"","_tribe_events_status_reason":"","footnotes":"","_tec_slr_enabled":"","_tec_slr_layout":""},"tags":[],"tribe_events_cat":[],"class_list":["post-1896","tribe_events","type-tribe_events","status-publish","has-post-thumbnail","hentry"],"acf":[],"yoast_head":"<!-- This site is optimized with the Yoast SEO plugin v27.5 - https:\/\/yoast.com\/product\/yoast-seo-wordpress\/ -->\n<title>Salon des vins et de la bi\u00e8re Bio - Ch\u00e2teau L&#039;Escarderie<\/title>\n<meta name=\"robots\" content=\"index, follow, max-snippet:-1, max-image-preview:large, max-video-preview:-1\" \/>\n<link rel=\"canonical\" href=\"https:\/\/lescarderievins.com\/en\/evenement\/salon-des-vins-et-de-la-biere-bio\/\" \/>\n<meta property=\"og:locale\" content=\"en_GB\" \/>\n<meta property=\"og:type\" content=\"article\" \/>\n<meta property=\"og:title\" content=\"Salon des vins et de la bi\u00e8re Bio - Ch\u00e2teau L&#039;Escarderie\" \/>\n<meta property=\"og:description\" content=\"Les membres de l\u2019association \u00ab Les paniers champanellois \u00bb nous ont gentiment propos\u00e9 de venir exposer \u00e0 leur salon annuel. Ravis de cette occasion de faire d\u00e9couvrir nos vins aux amateurs auvergnats ! One last fair added to the list: we will be in the south of Clermont Ferrand, central France, this weekend!\" \/>\n<meta property=\"og:url\" content=\"https:\/\/lescarderievins.com\/en\/evenement\/salon-des-vins-et-de-la-biere-bio\/\" \/>\n<meta property=\"og:site_name\" content=\"Ch\u00e2teau L&#039;Escarderie\" \/>\n<meta property=\"article:publisher\" content=\"https:\/\/www.facebook.com\/search\/top\/?q=ch%c3%a2teau%20l%27escarderie\" \/>\n<meta property=\"article:modified_time\" content=\"2024-02-23T09:41:08+00:00\" \/>\n<meta property=\"og:image\" content=\"https:\/\/lescarderievins.com\/wp-content\/uploads\/2023\/11\/affiche-2023-scaled.jpg\" \/>\n\t<meta property=\"og:image:width\" content=\"1822\" \/>\n\t<meta property=\"og:image:height\" content=\"2560\" \/>\n\t<meta property=\"og:image:type\" content=\"image\/jpeg\" \/>\n<meta name=\"twitter:card\" content=\"summary_large_image\" \/>\n<meta name=\"twitter:label1\" content=\"Estimated reading time\" \/>\n\t<meta name=\"twitter:data1\" content=\"1 minute\" \/>\n<script type=\"application\/ld+json\" class=\"yoast-schema-graph\">{\"@context\":\"https:\\\/\\\/schema.org\",\"@graph\":[{\"@type\":\"WebPage\",\"@id\":\"https:\\\/\\\/lescarderievins.com\\\/evenement\\\/salon-des-vins-et-de-la-biere-bio\\\/\",\"url\":\"https:\\\/\\\/lescarderievins.com\\\/evenement\\\/salon-des-vins-et-de-la-biere-bio\\\/\",\"name\":\"Salon des vins et de la bi\u00e8re Bio - Ch\u00e2teau L&#039;Escarderie\",\"isPartOf\":{\"@id\":\"https:\\\/\\\/lescarderievins.com\\\/#website\"},\"primaryImageOfPage\":{\"@id\":\"https:\\\/\\\/lescarderievins.com\\\/evenement\\\/salon-des-vins-et-de-la-biere-bio\\\/#primaryimage\"},\"image\":{\"@id\":\"https:\\\/\\\/lescarderievins.com\\\/evenement\\\/salon-des-vins-et-de-la-biere-bio\\\/#primaryimage\"},\"thumbnailUrl\":\"https:\\\/\\\/lescarderievins.com\\\/wp-content\\\/uploads\\\/2023\\\/11\\\/affiche-2023-scaled.jpg\",\"datePublished\":\"2023-11-23T18:50:46+00:00\",\"dateModified\":\"2024-02-23T09:41:08+00:00\",\"breadcrumb\":{\"@id\":\"https:\\\/\\\/lescarderievins.com\\\/evenement\\\/salon-des-vins-et-de-la-biere-bio\\\/#breadcrumb\"},\"inLanguage\":\"en-GB\",\"potentialAction\":[{\"@type\":\"ReadAction\",\"target\":[\"https:\\\/\\\/lescarderievins.com\\\/evenement\\\/salon-des-vins-et-de-la-biere-bio\\\/\"]}]},{\"@type\":\"ImageObject\",\"inLanguage\":\"en-GB\",\"@id\":\"https:\\\/\\\/lescarderievins.com\\\/evenement\\\/salon-des-vins-et-de-la-biere-bio\\\/#primaryimage\",\"url\":\"https:\\\/\\\/lescarderievins.com\\\/wp-content\\\/uploads\\\/2023\\\/11\\\/affiche-2023-scaled.jpg\",\"contentUrl\":\"https:\\\/\\\/lescarderievins.com\\\/wp-content\\\/uploads\\\/2023\\\/11\\\/affiche-2023-scaled.jpg\",\"width\":1822,\"height\":2560},{\"@type\":\"BreadcrumbList\",\"@id\":\"https:\\\/\\\/lescarderievins.com\\\/evenement\\\/salon-des-vins-et-de-la-biere-bio\\\/#breadcrumb\",\"itemListElement\":[{\"@type\":\"ListItem\",\"position\":1,\"name\":\"Accueil\",\"item\":\"https:\\\/\\\/lescarderievins.com\\\/\"},{\"@type\":\"ListItem\",\"position\":2,\"name\":\"\u00c9v\u00e8nements\",\"item\":\"https:\\\/\\\/lescarderievins.com\\\/evenements\\\/\"},{\"@type\":\"ListItem\",\"position\":3,\"name\":\"Salon des vins et de la bi\u00e8re Bio\"}]},{\"@type\":\"WebSite\",\"@id\":\"https:\\\/\\\/lescarderievins.com\\\/#website\",\"url\":\"https:\\\/\\\/lescarderievins.com\\\/\",\"name\":\"Ch\u00e2teau L&#039;Escarderie\",\"description\":\"Fronsac Saint \u00e9milion\",\"publisher\":{\"@id\":\"https:\\\/\\\/lescarderievins.com\\\/#organization\"},\"potentialAction\":[{\"@type\":\"SearchAction\",\"target\":{\"@type\":\"EntryPoint\",\"urlTemplate\":\"https:\\\/\\\/lescarderievins.com\\\/?s={search_term_string}\"},\"query-input\":{\"@type\":\"PropertyValueSpecification\",\"valueRequired\":true,\"valueName\":\"search_term_string\"}}],\"inLanguage\":\"en-GB\"},{\"@type\":\"Organization\",\"@id\":\"https:\\\/\\\/lescarderievins.com\\\/#organization\",\"name\":\"Ch\u00e2teau l'Escarderie\",\"url\":\"https:\\\/\\\/lescarderievins.com\\\/\",\"logo\":{\"@type\":\"ImageObject\",\"inLanguage\":\"en-GB\",\"@id\":\"https:\\\/\\\/lescarderievins.com\\\/#\\\/schema\\\/logo\\\/image\\\/\",\"url\":\"https:\\\/\\\/lescarderievins.com\\\/wp-content\\\/uploads\\\/2017\\\/04\\\/volutes-e1506272293181.png\",\"contentUrl\":\"https:\\\/\\\/lescarderievins.com\\\/wp-content\\\/uploads\\\/2017\\\/04\\\/volutes-e1506272293181.png\",\"width\":355,\"height\":360,\"caption\":\"Ch\u00e2teau l'Escarderie\"},\"image\":{\"@id\":\"https:\\\/\\\/lescarderievins.com\\\/#\\\/schema\\\/logo\\\/image\\\/\"},\"sameAs\":[\"https:\\\/\\\/www.facebook.com\\\/search\\\/top\\\/?q=ch\u00e2teau l'escarderie\"]}]}<\/script>\n<!-- \/ Yoast SEO plugin. -->","yoast_head_json":{"title":"Salon des vins et de la bi\u00e8re Bio - Ch\u00e2teau L&#039;Escarderie","robots":{"index":"index","follow":"follow","max-snippet":"max-snippet:-1","max-image-preview":"max-image-preview:large","max-video-preview":"max-video-preview:-1"},"canonical":"https:\/\/lescarderievins.com\/en\/evenement\/salon-des-vins-et-de-la-biere-bio\/","og_locale":"en_GB","og_type":"article","og_title":"Salon des vins et de la bi\u00e8re Bio - Ch\u00e2teau L&#039;Escarderie","og_description":"Les membres de l\u2019association \u00ab Les paniers champanellois \u00bb nous ont gentiment propos\u00e9 de venir exposer \u00e0 leur salon annuel. Ravis de cette occasion de faire d\u00e9couvrir nos vins aux amateurs auvergnats ! One last fair added to the list: we will be in the south of Clermont Ferrand, central France, this weekend!","og_url":"https:\/\/lescarderievins.com\/en\/evenement\/salon-des-vins-et-de-la-biere-bio\/","og_site_name":"Ch\u00e2teau L&#039;Escarderie","article_publisher":"https:\/\/www.facebook.com\/search\/top\/?q=ch%c3%a2teau%20l%27escarderie","article_modified_time":"2024-02-23T09:41:08+00:00","og_image":[{"width":1822,"height":2560,"url":"https:\/\/lescarderievins.com\/wp-content\/uploads\/2023\/11\/affiche-2023-scaled.jpg","type":"image\/jpeg"}],"twitter_card":"summary_large_image","twitter_misc":{"Estimated reading time":"1 minute"},"schema":{"@context":"https:\/\/schema.org","@graph":[{"@type":"WebPage","@id":"https:\/\/lescarderievins.com\/evenement\/salon-des-vins-et-de-la-biere-bio\/","url":"https:\/\/lescarderievins.com\/evenement\/salon-des-vins-et-de-la-biere-bio\/","name":"Salon des vins et de la bi\u00e8re Bio - Ch\u00e2teau L&#039;Escarderie","isPartOf":{"@id":"https:\/\/lescarderievins.com\/#website"},"primaryImageOfPage":{"@id":"https:\/\/lescarderievins.com\/evenement\/salon-des-vins-et-de-la-biere-bio\/#primaryimage"},"image":{"@id":"https:\/\/lescarderievins.com\/evenement\/salon-des-vins-et-de-la-biere-bio\/#primaryimage"},"thumbnailUrl":"https:\/\/lescarderievins.com\/wp-content\/uploads\/2023\/11\/affiche-2023-scaled.jpg","datePublished":"2023-11-23T18:50:46+00:00","dateModified":"2024-02-23T09:41:08+00:00","breadcrumb":{"@id":"https:\/\/lescarderievins.com\/evenement\/salon-des-vins-et-de-la-biere-bio\/#breadcrumb"},"inLanguage":"en-GB","potentialAction":[{"@type":"ReadAction","target":["https:\/\/lescarderievins.com\/evenement\/salon-des-vins-et-de-la-biere-bio\/"]}]},{"@type":"ImageObject","inLanguage":"en-GB","@id":"https:\/\/lescarderievins.com\/evenement\/salon-des-vins-et-de-la-biere-bio\/#primaryimage","url":"https:\/\/lescarderievins.com\/wp-content\/uploads\/2023\/11\/affiche-2023-scaled.jpg","contentUrl":"https:\/\/lescarderievins.com\/wp-content\/uploads\/2023\/11\/affiche-2023-scaled.jpg","width":1822,"height":2560},{"@type":"BreadcrumbList","@id":"https:\/\/lescarderievins.com\/evenement\/salon-des-vins-et-de-la-biere-bio\/#breadcrumb","itemListElement":[{"@type":"ListItem","position":1,"name":"Accueil","item":"https:\/\/lescarderievins.com\/"},{"@type":"ListItem","position":2,"name":"\u00c9v\u00e8nements","item":"https:\/\/lescarderievins.com\/evenements\/"},{"@type":"ListItem","position":3,"name":"Salon des vins et de la bi\u00e8re Bio"}]},{"@type":"WebSite","@id":"https:\/\/lescarderievins.com\/#website","url":"https:\/\/lescarderievins.com\/","name":"Ch\u00e2teau L&#039;Escarderie","description":"Fronsac Saint \u00e9milion","publisher":{"@id":"https:\/\/lescarderievins.com\/#organization"},"potentialAction":[{"@type":"SearchAction","target":{"@type":"EntryPoint","urlTemplate":"https:\/\/lescarderievins.com\/?s={search_term_string}"},"query-input":{"@type":"PropertyValueSpecification","valueRequired":true,"valueName":"search_term_string"}}],"inLanguage":"en-GB"},{"@type":"Organization","@id":"https:\/\/lescarderievins.com\/#organization","name":"Ch\u00e2teau l'Escarderie","url":"https:\/\/lescarderievins.com\/","logo":{"@type":"ImageObject","inLanguage":"en-GB","@id":"https:\/\/lescarderievins.com\/#\/schema\/logo\/image\/","url":"https:\/\/lescarderievins.com\/wp-content\/uploads\/2017\/04\/volutes-e1506272293181.png","contentUrl":"https:\/\/lescarderievins.com\/wp-content\/uploads\/2017\/04\/volutes-e1506272293181.png","width":355,"height":360,"caption":"Ch\u00e2teau l'Escarderie"},"image":{"@id":"https:\/\/lescarderievins.com\/#\/schema\/logo\/image\/"},"sameAs":["https:\/\/www.facebook.com\/search\/top\/?q=ch\u00e2teau l'escarderie"]}]}},"ticketed":false,"_links":{"self":[{"href":"https:\/\/lescarderievins.com\/en\/wp-json\/wp\/v2\/tribe_events\/1896","targetHints":{"allow":["GET"]}}],"collection":[{"href":"https:\/\/lescarderievins.com\/en\/wp-json\/wp\/v2\/tribe_events"}],"about":[{"href":"https:\/\/lescarderievins.com\/en\/wp-json\/wp\/v2\/types\/tribe_events"}],"author":[{"embeddable":true,"href":"https:\/\/lescarderievins.com\/en\/wp-json\/wp\/v2\/users\/3"}],"version-history":[{"count":6,"href":"https:\/\/lescarderievins.com\/en\/wp-json\/wp\/v2\/tribe_events\/1896\/revisions"}],"predecessor-version":[{"id":1906,"href":"https:\/\/lescarderievins.com\/en\/wp-json\/wp\/v2\/tribe_events\/1896\/revisions\/1906"}],"wp:featuredmedia":[{"embeddable":true,"href":"https:\/\/lescarderievins.com\/en\/wp-json\/wp\/v2\/media\/1897"}],"wp:attachment":[{"href":"https:\/\/lescarderievins.com\/en\/wp-json\/wp\/v2\/media?parent=1896"}],"wp:term":[{"taxonomy":"post_tag","embeddable":true,"href":"https:\/\/lescarderievins.com\/en\/wp-json\/wp\/v2\/tags?post=1896"},{"taxonomy":"tribe_events_cat","embeddable":true,"href":"https:\/\/lescarderievins.com\/en\/wp-json\/wp\/v2\/tribe_events_cat?post=1896"}],"curies":[{"name":"wp","href":"https:\/\/api.w.org\/{rel}","templated":true}]}}