{"id":2200,"date":"2024-11-22T11:25:33","date_gmt":"2024-11-22T11:25:33","guid":{"rendered":"https:\/\/lescarderievins.com\/?post_type=tribe_events&#038;p=2200"},"modified":"2024-11-22T11:25:33","modified_gmt":"2024-11-22T11:25:33","slug":"salon-des-vins-et-bieres-bio","status":"publish","type":"tribe_events","link":"https:\/\/lescarderievins.com\/en\/evenement\/salon-des-vins-et-bieres-bio\/","title":{"rendered":"Salon des Vins et Bi\u00e8res bio"},"content":{"rendered":"<p>Pour la deuxi\u00e8me ann\u00e9e, nous serons \u00e0 Saint-Gen\u00e8s Champanelle, un charmant villages sur les hauteurs de Clermont-Ferrand. Une dizaine de producteurs bio seront pr\u00e9sents, et leurs vins sont \u00e9poustouflants pour certains. A ne pas rater si vous \u00eates dans la r\u00e9gion, je serai ravie de vous y voir et je serai accompagn\u00e9e de ma soeur cette fois.<\/p>\n<p><a href=\"https:\/\/lescarderievins.com\/wp-content\/uploads\/2024\/11\/affiche-2024.pdf\">affiche 2024<\/a> <img fetchpriority=\"high\" decoding=\"async\" class=\"alignnone size-medium wp-image-2202\" src=\"https:\/\/lescarderievins.com\/wp-content\/uploads\/2024\/11\/affiche-2024-214x300.jpg\" alt=\"\" width=\"214\" height=\"300\" srcset=\"https:\/\/lescarderievins.com\/wp-content\/uploads\/2024\/11\/affiche-2024-214x300.jpg 214w, https:\/\/lescarderievins.com\/wp-content\/uploads\/2024\/11\/affiche-2024-729x1024.jpg 729w, https:\/\/lescarderievins.com\/wp-content\/uploads\/2024\/11\/affiche-2024-768x1079.jpg 768w, https:\/\/lescarderievins.com\/wp-content\/uploads\/2024\/11\/affiche-2024-1093x1536.jpg 1093w, https:\/\/lescarderievins.com\/wp-content\/uploads\/2024\/11\/affiche-2024-9x12.jpg 9w, https:\/\/lescarderievins.com\/wp-content\/uploads\/2024\/11\/affiche-2024-600x843.jpg 600w, https:\/\/lescarderievins.com\/wp-content\/uploads\/2024\/11\/affiche-2024.jpg 1240w\" sizes=\"(max-width: 214px) 100vw, 214px\" \/><\/p>","protected":false},"excerpt":{"rendered":"<p>Pour la deuxi\u00e8me ann\u00e9e, nous serons \u00e0 Saint-Gen\u00e8s Champanelle, un charmant villages sur les hauteurs de Clermont-Ferrand. Une dizaine de producteurs bio seront pr\u00e9sents, et leurs vins sont \u00e9poustouflants pour certains. A ne pas rater si vous \u00eates dans la r\u00e9gion, je serai ravie de vous y voir et je serai accompagn\u00e9e de ma soeur cette fois. affiche 2024<\/p>","protected":false},"author":1,"featured_media":2202,"template":"","meta":{"_acf_changed":false,"_price":"","_stock":"","_tribe_ticket_header":"","_tribe_default_ticket_provider":"TEC\\Tickets\\Commerce\\Module","_ticket_start_date":"","_ticket_end_date":"","_tribe_ticket_show_description":"","_tribe_ticket_show_not_going":false,"_tribe_ticket_use_global_stock":"","_tribe_ticket_global_stock_level":"","_global_stock_mode":"","_global_stock_cap":"","_tribe_rsvp_for_event":"","_tribe_ticket_going_count":"","_tribe_ticket_not_going_count":"","_tribe_tickets_list":"[]","_tribe_ticket_has_attendee_info_fields":false,"_tribe_events_status":"","_tribe_events_status_reason":"","footnotes":"","_tec_slr_enabled":"","_tec_slr_layout":""},"tags":[],"tribe_events_cat":[],"class_list":["post-2200","tribe_events","type-tribe_events","status-publish","has-post-thumbnail","hentry"],"acf":[],"yoast_head":"<!-- This site is optimized with the Yoast SEO plugin v27.5 - https:\/\/yoast.com\/product\/yoast-seo-wordpress\/ -->\n<title>Salon des Vins et Bi\u00e8res bio - Ch\u00e2teau L&#039;Escarderie<\/title>\n<meta name=\"description\" content=\"Pour la deuxi\u00e8me ann\u00e9e, nous serons \u00e0 Saint-Gen\u00e8s Champanelle, un charmant villages sur les hauteurs de Clermont-Ferrand. Une dizaine de producteurs bio seront pr\u00e9sents, et leurs vins sont \u00e9poustouflants pour certains. A ne pas rater si vous \u00eates dans la r\u00e9gion, je serai ravie de vous y voir !\" \/>\n<meta name=\"robots\" content=\"index, follow, max-snippet:-1, max-image-preview:large, max-video-preview:-1\" \/>\n<link rel=\"canonical\" href=\"https:\/\/lescarderievins.com\/en\/evenement\/salon-des-vins-et-bieres-bio\/\" \/>\n<meta property=\"og:locale\" content=\"en_GB\" \/>\n<meta property=\"og:type\" content=\"article\" \/>\n<meta property=\"og:title\" content=\"Salon des Vins et Bi\u00e8res bio - Ch\u00e2teau L&#039;Escarderie\" \/>\n<meta property=\"og:description\" content=\"Pour la deuxi\u00e8me ann\u00e9e, nous serons \u00e0 Saint-Gen\u00e8s Champanelle, un charmant villages sur les hauteurs de Clermont-Ferrand. Une dizaine de producteurs bio seront pr\u00e9sents, et leurs vins sont \u00e9poustouflants pour certains. A ne pas rater si vous \u00eates dans la r\u00e9gion, je serai ravie de vous y voir !\" \/>\n<meta property=\"og:url\" content=\"https:\/\/lescarderievins.com\/en\/evenement\/salon-des-vins-et-bieres-bio\/\" \/>\n<meta property=\"og:site_name\" content=\"Ch\u00e2teau L&#039;Escarderie\" \/>\n<meta property=\"article:publisher\" content=\"https:\/\/www.facebook.com\/search\/top\/?q=ch%c3%a2teau%20l%27escarderie\" \/>\n<meta property=\"og:image\" content=\"https:\/\/lescarderievins.com\/wp-content\/uploads\/2024\/11\/affiche-2024.jpg\" \/>\n\t<meta property=\"og:image:width\" content=\"1240\" \/>\n\t<meta property=\"og:image:height\" content=\"1742\" \/>\n\t<meta property=\"og:image:type\" content=\"image\/jpeg\" \/>\n<meta name=\"twitter:card\" content=\"summary_large_image\" \/>\n<meta name=\"twitter:label1\" content=\"Estimated reading time\" \/>\n\t<meta name=\"twitter:data1\" content=\"1 minute\" \/>\n<script type=\"application\/ld+json\" class=\"yoast-schema-graph\">{\"@context\":\"https:\\\/\\\/schema.org\",\"@graph\":[{\"@type\":\"WebPage\",\"@id\":\"https:\\\/\\\/lescarderievins.com\\\/evenement\\\/salon-des-vins-et-bieres-bio\\\/\",\"url\":\"https:\\\/\\\/lescarderievins.com\\\/evenement\\\/salon-des-vins-et-bieres-bio\\\/\",\"name\":\"Salon des Vins et Bi\u00e8res bio - Ch\u00e2teau L&#039;Escarderie\",\"isPartOf\":{\"@id\":\"https:\\\/\\\/lescarderievins.com\\\/#website\"},\"primaryImageOfPage\":{\"@id\":\"https:\\\/\\\/lescarderievins.com\\\/evenement\\\/salon-des-vins-et-bieres-bio\\\/#primaryimage\"},\"image\":{\"@id\":\"https:\\\/\\\/lescarderievins.com\\\/evenement\\\/salon-des-vins-et-bieres-bio\\\/#primaryimage\"},\"thumbnailUrl\":\"https:\\\/\\\/lescarderievins.com\\\/wp-content\\\/uploads\\\/2024\\\/11\\\/affiche-2024.jpg\",\"datePublished\":\"2024-11-22T11:25:33+00:00\",\"description\":\"Pour la deuxi\u00e8me ann\u00e9e, nous serons \u00e0 Saint-Gen\u00e8s Champanelle, un charmant villages sur les hauteurs de Clermont-Ferrand. Une dizaine de producteurs bio seront pr\u00e9sents, et leurs vins sont \u00e9poustouflants pour certains. A ne pas rater si vous \u00eates dans la r\u00e9gion, je serai ravie de vous y voir !\",\"breadcrumb\":{\"@id\":\"https:\\\/\\\/lescarderievins.com\\\/evenement\\\/salon-des-vins-et-bieres-bio\\\/#breadcrumb\"},\"inLanguage\":\"en-GB\",\"potentialAction\":[{\"@type\":\"ReadAction\",\"target\":[\"https:\\\/\\\/lescarderievins.com\\\/evenement\\\/salon-des-vins-et-bieres-bio\\\/\"]}]},{\"@type\":\"ImageObject\",\"inLanguage\":\"en-GB\",\"@id\":\"https:\\\/\\\/lescarderievins.com\\\/evenement\\\/salon-des-vins-et-bieres-bio\\\/#primaryimage\",\"url\":\"https:\\\/\\\/lescarderievins.com\\\/wp-content\\\/uploads\\\/2024\\\/11\\\/affiche-2024.jpg\",\"contentUrl\":\"https:\\\/\\\/lescarderievins.com\\\/wp-content\\\/uploads\\\/2024\\\/11\\\/affiche-2024.jpg\",\"width\":1240,\"height\":1742},{\"@type\":\"BreadcrumbList\",\"@id\":\"https:\\\/\\\/lescarderievins.com\\\/evenement\\\/salon-des-vins-et-bieres-bio\\\/#breadcrumb\",\"itemListElement\":[{\"@type\":\"ListItem\",\"position\":1,\"name\":\"Accueil\",\"item\":\"https:\\\/\\\/lescarderievins.com\\\/\"},{\"@type\":\"ListItem\",\"position\":2,\"name\":\"\u00c9v\u00e8nements\",\"item\":\"https:\\\/\\\/lescarderievins.com\\\/evenements\\\/\"},{\"@type\":\"ListItem\",\"position\":3,\"name\":\"Salon des Vins et Bi\u00e8res bio\"}]},{\"@type\":\"WebSite\",\"@id\":\"https:\\\/\\\/lescarderievins.com\\\/#website\",\"url\":\"https:\\\/\\\/lescarderievins.com\\\/\",\"name\":\"Ch\u00e2teau L&#039;Escarderie\",\"description\":\"Fronsac Saint \u00e9milion\",\"publisher\":{\"@id\":\"https:\\\/\\\/lescarderievins.com\\\/#organization\"},\"potentialAction\":[{\"@type\":\"SearchAction\",\"target\":{\"@type\":\"EntryPoint\",\"urlTemplate\":\"https:\\\/\\\/lescarderievins.com\\\/?s={search_term_string}\"},\"query-input\":{\"@type\":\"PropertyValueSpecification\",\"valueRequired\":true,\"valueName\":\"search_term_string\"}}],\"inLanguage\":\"en-GB\"},{\"@type\":\"Organization\",\"@id\":\"https:\\\/\\\/lescarderievins.com\\\/#organization\",\"name\":\"Ch\u00e2teau l'Escarderie\",\"url\":\"https:\\\/\\\/lescarderievins.com\\\/\",\"logo\":{\"@type\":\"ImageObject\",\"inLanguage\":\"en-GB\",\"@id\":\"https:\\\/\\\/lescarderievins.com\\\/#\\\/schema\\\/logo\\\/image\\\/\",\"url\":\"https:\\\/\\\/lescarderievins.com\\\/wp-content\\\/uploads\\\/2017\\\/04\\\/volutes-e1506272293181.png\",\"contentUrl\":\"https:\\\/\\\/lescarderievins.com\\\/wp-content\\\/uploads\\\/2017\\\/04\\\/volutes-e1506272293181.png\",\"width\":355,\"height\":360,\"caption\":\"Ch\u00e2teau l'Escarderie\"},\"image\":{\"@id\":\"https:\\\/\\\/lescarderievins.com\\\/#\\\/schema\\\/logo\\\/image\\\/\"},\"sameAs\":[\"https:\\\/\\\/www.facebook.com\\\/search\\\/top\\\/?q=ch\u00e2teau l'escarderie\"]}]}<\/script>\n<!-- \/ Yoast SEO plugin. -->","yoast_head_json":{"title":"Salon des Vins et Bi\u00e8res bio - Ch\u00e2teau L&#039;Escarderie","description":"Pour la deuxi\u00e8me ann\u00e9e, nous serons \u00e0 Saint-Gen\u00e8s Champanelle, un charmant villages sur les hauteurs de Clermont-Ferrand. Une dizaine de producteurs bio seront pr\u00e9sents, et leurs vins sont \u00e9poustouflants pour certains. A ne pas rater si vous \u00eates dans la r\u00e9gion, je serai ravie de vous y voir !","robots":{"index":"index","follow":"follow","max-snippet":"max-snippet:-1","max-image-preview":"max-image-preview:large","max-video-preview":"max-video-preview:-1"},"canonical":"https:\/\/lescarderievins.com\/en\/evenement\/salon-des-vins-et-bieres-bio\/","og_locale":"en_GB","og_type":"article","og_title":"Salon des Vins et Bi\u00e8res bio - Ch\u00e2teau L&#039;Escarderie","og_description":"Pour la deuxi\u00e8me ann\u00e9e, nous serons \u00e0 Saint-Gen\u00e8s Champanelle, un charmant villages sur les hauteurs de Clermont-Ferrand. Une dizaine de producteurs bio seront pr\u00e9sents, et leurs vins sont \u00e9poustouflants pour certains. A ne pas rater si vous \u00eates dans la r\u00e9gion, je serai ravie de vous y voir !","og_url":"https:\/\/lescarderievins.com\/en\/evenement\/salon-des-vins-et-bieres-bio\/","og_site_name":"Ch\u00e2teau L&#039;Escarderie","article_publisher":"https:\/\/www.facebook.com\/search\/top\/?q=ch%c3%a2teau%20l%27escarderie","og_image":[{"width":1240,"height":1742,"url":"https:\/\/lescarderievins.com\/wp-content\/uploads\/2024\/11\/affiche-2024.jpg","type":"image\/jpeg"}],"twitter_card":"summary_large_image","twitter_misc":{"Estimated reading time":"1 minute"},"schema":{"@context":"https:\/\/schema.org","@graph":[{"@type":"WebPage","@id":"https:\/\/lescarderievins.com\/evenement\/salon-des-vins-et-bieres-bio\/","url":"https:\/\/lescarderievins.com\/evenement\/salon-des-vins-et-bieres-bio\/","name":"Salon des Vins et Bi\u00e8res bio - Ch\u00e2teau L&#039;Escarderie","isPartOf":{"@id":"https:\/\/lescarderievins.com\/#website"},"primaryImageOfPage":{"@id":"https:\/\/lescarderievins.com\/evenement\/salon-des-vins-et-bieres-bio\/#primaryimage"},"image":{"@id":"https:\/\/lescarderievins.com\/evenement\/salon-des-vins-et-bieres-bio\/#primaryimage"},"thumbnailUrl":"https:\/\/lescarderievins.com\/wp-content\/uploads\/2024\/11\/affiche-2024.jpg","datePublished":"2024-11-22T11:25:33+00:00","description":"Pour la deuxi\u00e8me ann\u00e9e, nous serons \u00e0 Saint-Gen\u00e8s Champanelle, un charmant villages sur les hauteurs de Clermont-Ferrand. Une dizaine de producteurs bio seront pr\u00e9sents, et leurs vins sont \u00e9poustouflants pour certains. A ne pas rater si vous \u00eates dans la r\u00e9gion, je serai ravie de vous y voir !","breadcrumb":{"@id":"https:\/\/lescarderievins.com\/evenement\/salon-des-vins-et-bieres-bio\/#breadcrumb"},"inLanguage":"en-GB","potentialAction":[{"@type":"ReadAction","target":["https:\/\/lescarderievins.com\/evenement\/salon-des-vins-et-bieres-bio\/"]}]},{"@type":"ImageObject","inLanguage":"en-GB","@id":"https:\/\/lescarderievins.com\/evenement\/salon-des-vins-et-bieres-bio\/#primaryimage","url":"https:\/\/lescarderievins.com\/wp-content\/uploads\/2024\/11\/affiche-2024.jpg","contentUrl":"https:\/\/lescarderievins.com\/wp-content\/uploads\/2024\/11\/affiche-2024.jpg","width":1240,"height":1742},{"@type":"BreadcrumbList","@id":"https:\/\/lescarderievins.com\/evenement\/salon-des-vins-et-bieres-bio\/#breadcrumb","itemListElement":[{"@type":"ListItem","position":1,"name":"Accueil","item":"https:\/\/lescarderievins.com\/"},{"@type":"ListItem","position":2,"name":"\u00c9v\u00e8nements","item":"https:\/\/lescarderievins.com\/evenements\/"},{"@type":"ListItem","position":3,"name":"Salon des Vins et Bi\u00e8res bio"}]},{"@type":"WebSite","@id":"https:\/\/lescarderievins.com\/#website","url":"https:\/\/lescarderievins.com\/","name":"Ch\u00e2teau L&#039;Escarderie","description":"Fronsac Saint \u00e9milion","publisher":{"@id":"https:\/\/lescarderievins.com\/#organization"},"potentialAction":[{"@type":"SearchAction","target":{"@type":"EntryPoint","urlTemplate":"https:\/\/lescarderievins.com\/?s={search_term_string}"},"query-input":{"@type":"PropertyValueSpecification","valueRequired":true,"valueName":"search_term_string"}}],"inLanguage":"en-GB"},{"@type":"Organization","@id":"https:\/\/lescarderievins.com\/#organization","name":"Ch\u00e2teau l'Escarderie","url":"https:\/\/lescarderievins.com\/","logo":{"@type":"ImageObject","inLanguage":"en-GB","@id":"https:\/\/lescarderievins.com\/#\/schema\/logo\/image\/","url":"https:\/\/lescarderievins.com\/wp-content\/uploads\/2017\/04\/volutes-e1506272293181.png","contentUrl":"https:\/\/lescarderievins.com\/wp-content\/uploads\/2017\/04\/volutes-e1506272293181.png","width":355,"height":360,"caption":"Ch\u00e2teau l'Escarderie"},"image":{"@id":"https:\/\/lescarderievins.com\/#\/schema\/logo\/image\/"},"sameAs":["https:\/\/www.facebook.com\/search\/top\/?q=ch\u00e2teau l'escarderie"]}]}},"ticketed":false,"_links":{"self":[{"href":"https:\/\/lescarderievins.com\/en\/wp-json\/wp\/v2\/tribe_events\/2200","targetHints":{"allow":["GET"]}}],"collection":[{"href":"https:\/\/lescarderievins.com\/en\/wp-json\/wp\/v2\/tribe_events"}],"about":[{"href":"https:\/\/lescarderievins.com\/en\/wp-json\/wp\/v2\/types\/tribe_events"}],"author":[{"embeddable":true,"href":"https:\/\/lescarderievins.com\/en\/wp-json\/wp\/v2\/users\/1"}],"version-history":[{"count":1,"href":"https:\/\/lescarderievins.com\/en\/wp-json\/wp\/v2\/tribe_events\/2200\/revisions"}],"predecessor-version":[{"id":2203,"href":"https:\/\/lescarderievins.com\/en\/wp-json\/wp\/v2\/tribe_events\/2200\/revisions\/2203"}],"wp:featuredmedia":[{"embeddable":true,"href":"https:\/\/lescarderievins.com\/en\/wp-json\/wp\/v2\/media\/2202"}],"wp:attachment":[{"href":"https:\/\/lescarderievins.com\/en\/wp-json\/wp\/v2\/media?parent=2200"}],"wp:term":[{"taxonomy":"post_tag","embeddable":true,"href":"https:\/\/lescarderievins.com\/en\/wp-json\/wp\/v2\/tags?post=2200"},{"taxonomy":"tribe_events_cat","embeddable":true,"href":"https:\/\/lescarderievins.com\/en\/wp-json\/wp\/v2\/tribe_events_cat?post=2200"}],"curies":[{"name":"wp","href":"https:\/\/api.w.org\/{rel}","templated":true}]}}