{"id":2271,"date":"2025-01-23T14:35:30","date_gmt":"2025-01-23T14:35:30","guid":{"rendered":"https:\/\/lescarderievins.com\/?post_type=tribe_events&#038;p=2271"},"modified":"2025-01-23T14:45:10","modified_gmt":"2025-01-23T14:45:10","slug":"salon-professionnels-2025","status":"publish","type":"tribe_events","link":"https:\/\/lescarderievins.com\/en\/evenement\/salon-professionnels-2025\/","title":{"rendered":"Salon professionnels 2025"},"content":{"rendered":"<p>Le d\u00e9but de l&rsquo;ann\u00e9e est synonyme de trouvailles et retrouvailles, les professionnels su monde entier se retrouvant \u00e0 divers \u00e9v\u00e9nements plus ou moins internationaux&#8230;<\/p>\n<p>Nous serons \u00e0 deux d&rsquo;entre eux, Mill\u00e9sime Bio \u00e0 Montpellier (stand 374), et La Lev\u00e9e de la Loire \u00e0 Angers (stand H7). Et nous viendrons aussi \u00e0 Paris faire d\u00e9guster certaines cuv\u00e9es sur une p\u00e9niche, juste avant le salon Wine Paris.<\/p>\n<p>Si vous \u00eates professionnel, contactez-nous pour venir nous y rencontrer !<img fetchpriority=\"high\" decoding=\"async\" class=\"wp-image-2272 alignright\" src=\"https:\/\/lescarderievins.com\/wp-content\/uploads\/2025\/01\/bordeaux-crush-paris-vect-civb-222x300.jpg\" alt=\"\" width=\"235\" height=\"317\" srcset=\"https:\/\/lescarderievins.com\/wp-content\/uploads\/2025\/01\/bordeaux-crush-paris-vect-civb-222x300.jpg 222w, https:\/\/lescarderievins.com\/wp-content\/uploads\/2025\/01\/bordeaux-crush-paris-vect-civb-759x1024.jpg 759w, https:\/\/lescarderievins.com\/wp-content\/uploads\/2025\/01\/bordeaux-crush-paris-vect-civb-768x1036.jpg 768w, https:\/\/lescarderievins.com\/wp-content\/uploads\/2025\/01\/bordeaux-crush-paris-vect-civb-1139x1536.jpg 1139w, https:\/\/lescarderievins.com\/wp-content\/uploads\/2025\/01\/bordeaux-crush-paris-vect-civb-1519x2048.jpg 1519w, https:\/\/lescarderievins.com\/wp-content\/uploads\/2025\/01\/bordeaux-crush-paris-vect-civb-9x12.jpg 9w, https:\/\/lescarderievins.com\/wp-content\/uploads\/2025\/01\/bordeaux-crush-paris-vect-civb-600x809.jpg 600w, https:\/\/lescarderievins.com\/wp-content\/uploads\/2025\/01\/bordeaux-crush-paris-vect-civb-scaled.jpg 1898w\" sizes=\"(max-width: 235px) 100vw, 235px\" \/><\/p>\n<p><img decoding=\"async\" class=\"alignnone size-medium wp-image-2274\" src=\"https:\/\/lescarderievins.com\/wp-content\/uploads\/2025\/01\/Post_1080x1080-FR_cdu8s0-300x300.jpeg\" alt=\"\" width=\"300\" height=\"300\" srcset=\"https:\/\/lescarderievins.com\/wp-content\/uploads\/2025\/01\/Post_1080x1080-FR_cdu8s0-300x300.jpeg 300w, https:\/\/lescarderievins.com\/wp-content\/uploads\/2025\/01\/Post_1080x1080-FR_cdu8s0-1024x1024.jpeg 1024w, https:\/\/lescarderievins.com\/wp-content\/uploads\/2025\/01\/Post_1080x1080-FR_cdu8s0-150x150.jpeg 150w, https:\/\/lescarderievins.com\/wp-content\/uploads\/2025\/01\/Post_1080x1080-FR_cdu8s0-768x768.jpeg 768w, https:\/\/lescarderievins.com\/wp-content\/uploads\/2025\/01\/Post_1080x1080-FR_cdu8s0-12x12.jpeg 12w, https:\/\/lescarderievins.com\/wp-content\/uploads\/2025\/01\/Post_1080x1080-FR_cdu8s0-600x600.jpeg 600w, https:\/\/lescarderievins.com\/wp-content\/uploads\/2025\/01\/Post_1080x1080-FR_cdu8s0-100x100.jpeg 100w, https:\/\/lescarderievins.com\/wp-content\/uploads\/2025\/01\/Post_1080x1080-FR_cdu8s0.jpeg 1080w\" sizes=\"(max-width: 300px) 100vw, 300px\" \/> <img decoding=\"async\" class=\"alignnone size-medium wp-image-2273\" src=\"https:\/\/lescarderievins.com\/wp-content\/uploads\/2025\/01\/Invitation-Angers-2025-271x300.jpg\" alt=\"\" width=\"271\" height=\"300\" srcset=\"https:\/\/lescarderievins.com\/wp-content\/uploads\/2025\/01\/Invitation-Angers-2025-271x300.jpg 271w, https:\/\/lescarderievins.com\/wp-content\/uploads\/2025\/01\/Invitation-Angers-2025-926x1024.jpg 926w, https:\/\/lescarderievins.com\/wp-content\/uploads\/2025\/01\/Invitation-Angers-2025-768x850.jpg 768w, https:\/\/lescarderievins.com\/wp-content\/uploads\/2025\/01\/Invitation-Angers-2025-1389x1536.jpg 1389w, https:\/\/lescarderievins.com\/wp-content\/uploads\/2025\/01\/Invitation-Angers-2025-1851x2048.jpg 1851w, https:\/\/lescarderievins.com\/wp-content\/uploads\/2025\/01\/Invitation-Angers-2025-11x12.jpg 11w, https:\/\/lescarderievins.com\/wp-content\/uploads\/2025\/01\/Invitation-Angers-2025-600x664.jpg 600w, https:\/\/lescarderievins.com\/wp-content\/uploads\/2025\/01\/Invitation-Angers-2025.jpg 1949w\" sizes=\"(max-width: 271px) 100vw, 271px\" \/><\/p>","protected":false},"excerpt":{"rendered":"<p>Le d\u00e9but de l&rsquo;ann\u00e9e est synonyme de trouvailles et retrouvailles, les professionnels su monde entier se retrouvant \u00e0 divers \u00e9v\u00e9nements plus ou moins internationaux&#8230; Nous serons \u00e0 deux d&rsquo;entre eux, Mill\u00e9sime Bio \u00e0 Montpellier (stand 374), et La Lev\u00e9e de la Loire \u00e0 Angers (stand H7). Et nous viendrons aussi \u00e0 Paris faire d\u00e9guster certaines cuv\u00e9es sur une p\u00e9niche, juste avant le salon Wine Paris. Si vous \u00eates professionnel, contactez-nous pour venir nous y rencontrer !<\/p>","protected":false},"author":1,"featured_media":2272,"template":"","meta":{"_acf_changed":false,"_price":"","_stock":"","_tribe_ticket_header":"","_tribe_default_ticket_provider":"TEC\\Tickets\\Commerce\\Module","_ticket_start_date":"","_ticket_end_date":"","_tribe_ticket_show_description":"","_tribe_ticket_show_not_going":false,"_tribe_ticket_use_global_stock":"","_tribe_ticket_global_stock_level":"","_global_stock_mode":"","_global_stock_cap":"","_tribe_rsvp_for_event":"","_tribe_ticket_going_count":"","_tribe_ticket_not_going_count":"","_tribe_tickets_list":"[]","_tribe_ticket_has_attendee_info_fields":false,"_tribe_events_status":"","_tribe_events_status_reason":"","footnotes":"","_tec_slr_enabled":"","_tec_slr_layout":""},"tags":[],"tribe_events_cat":[],"class_list":["post-2271","tribe_events","type-tribe_events","status-publish","has-post-thumbnail","hentry"],"acf":[],"yoast_head":"<!-- This site is optimized with the Yoast SEO plugin v27.5 - https:\/\/yoast.com\/product\/yoast-seo-wordpress\/ -->\n<title>Salon professionnels 2025 - Ch\u00e2teau L&#039;Escarderie<\/title>\n<meta name=\"robots\" content=\"index, follow, max-snippet:-1, max-image-preview:large, max-video-preview:-1\" \/>\n<link rel=\"canonical\" href=\"https:\/\/lescarderievins.com\/en\/evenement\/salon-professionnels-2025\/\" \/>\n<meta property=\"og:locale\" content=\"en_GB\" \/>\n<meta property=\"og:type\" content=\"article\" \/>\n<meta property=\"og:title\" content=\"Salon professionnels 2025 - Ch\u00e2teau L&#039;Escarderie\" \/>\n<meta property=\"og:description\" content=\"Le d\u00e9but de l&rsquo;ann\u00e9e est synonyme de trouvailles et retrouvailles, les professionnels su monde entier se retrouvant \u00e0 divers \u00e9v\u00e9nements plus ou moins internationaux&#8230; Nous serons \u00e0 deux d&rsquo;entre eux, Mill\u00e9sime Bio \u00e0 Montpellier (stand 374), et La Lev\u00e9e de la Loire \u00e0 Angers (stand H7). Et nous viendrons aussi \u00e0 Paris faire d\u00e9guster certaines cuv\u00e9es sur une p\u00e9niche, juste avant le salon Wine Paris. Si vous \u00eates professionnel, contactez-nous pour venir nous y rencontrer !\" \/>\n<meta property=\"og:url\" content=\"https:\/\/lescarderievins.com\/en\/evenement\/salon-professionnels-2025\/\" \/>\n<meta property=\"og:site_name\" content=\"Ch\u00e2teau L&#039;Escarderie\" \/>\n<meta property=\"article:publisher\" content=\"https:\/\/www.facebook.com\/search\/top\/?q=ch%c3%a2teau%20l%27escarderie\" \/>\n<meta property=\"article:modified_time\" content=\"2025-01-23T14:45:10+00:00\" \/>\n<meta property=\"og:image\" content=\"https:\/\/lescarderievins.com\/wp-content\/uploads\/2025\/01\/bordeaux-crush-paris-vect-civb-scaled.jpg\" \/>\n\t<meta property=\"og:image:width\" content=\"1898\" \/>\n\t<meta property=\"og:image:height\" content=\"2560\" \/>\n\t<meta property=\"og:image:type\" content=\"image\/jpeg\" \/>\n<meta name=\"twitter:card\" content=\"summary_large_image\" \/>\n<meta name=\"twitter:label1\" content=\"Estimated reading time\" \/>\n\t<meta name=\"twitter:data1\" content=\"2 minutes\" \/>\n<script type=\"application\/ld+json\" class=\"yoast-schema-graph\">{\"@context\":\"https:\\\/\\\/schema.org\",\"@graph\":[{\"@type\":\"WebPage\",\"@id\":\"https:\\\/\\\/lescarderievins.com\\\/evenement\\\/salon-professionnels-2025\\\/\",\"url\":\"https:\\\/\\\/lescarderievins.com\\\/evenement\\\/salon-professionnels-2025\\\/\",\"name\":\"Salon professionnels 2025 - Ch\u00e2teau L&#039;Escarderie\",\"isPartOf\":{\"@id\":\"https:\\\/\\\/lescarderievins.com\\\/#website\"},\"primaryImageOfPage\":{\"@id\":\"https:\\\/\\\/lescarderievins.com\\\/evenement\\\/salon-professionnels-2025\\\/#primaryimage\"},\"image\":{\"@id\":\"https:\\\/\\\/lescarderievins.com\\\/evenement\\\/salon-professionnels-2025\\\/#primaryimage\"},\"thumbnailUrl\":\"https:\\\/\\\/lescarderievins.com\\\/wp-content\\\/uploads\\\/2025\\\/01\\\/bordeaux-crush-paris-vect-civb-scaled.jpg\",\"datePublished\":\"2025-01-23T14:35:30+00:00\",\"dateModified\":\"2025-01-23T14:45:10+00:00\",\"breadcrumb\":{\"@id\":\"https:\\\/\\\/lescarderievins.com\\\/evenement\\\/salon-professionnels-2025\\\/#breadcrumb\"},\"inLanguage\":\"en-GB\",\"potentialAction\":[{\"@type\":\"ReadAction\",\"target\":[\"https:\\\/\\\/lescarderievins.com\\\/evenement\\\/salon-professionnels-2025\\\/\"]}]},{\"@type\":\"ImageObject\",\"inLanguage\":\"en-GB\",\"@id\":\"https:\\\/\\\/lescarderievins.com\\\/evenement\\\/salon-professionnels-2025\\\/#primaryimage\",\"url\":\"https:\\\/\\\/lescarderievins.com\\\/wp-content\\\/uploads\\\/2025\\\/01\\\/bordeaux-crush-paris-vect-civb-scaled.jpg\",\"contentUrl\":\"https:\\\/\\\/lescarderievins.com\\\/wp-content\\\/uploads\\\/2025\\\/01\\\/bordeaux-crush-paris-vect-civb-scaled.jpg\",\"width\":1898,\"height\":2560},{\"@type\":\"BreadcrumbList\",\"@id\":\"https:\\\/\\\/lescarderievins.com\\\/evenement\\\/salon-professionnels-2025\\\/#breadcrumb\",\"itemListElement\":[{\"@type\":\"ListItem\",\"position\":1,\"name\":\"Accueil\",\"item\":\"https:\\\/\\\/lescarderievins.com\\\/\"},{\"@type\":\"ListItem\",\"position\":2,\"name\":\"\u00c9v\u00e8nements\",\"item\":\"https:\\\/\\\/lescarderievins.com\\\/evenements\\\/\"},{\"@type\":\"ListItem\",\"position\":3,\"name\":\"Salon professionnels 2025\"}]},{\"@type\":\"WebSite\",\"@id\":\"https:\\\/\\\/lescarderievins.com\\\/#website\",\"url\":\"https:\\\/\\\/lescarderievins.com\\\/\",\"name\":\"Ch\u00e2teau L&#039;Escarderie\",\"description\":\"Fronsac Saint \u00e9milion\",\"publisher\":{\"@id\":\"https:\\\/\\\/lescarderievins.com\\\/#organization\"},\"potentialAction\":[{\"@type\":\"SearchAction\",\"target\":{\"@type\":\"EntryPoint\",\"urlTemplate\":\"https:\\\/\\\/lescarderievins.com\\\/?s={search_term_string}\"},\"query-input\":{\"@type\":\"PropertyValueSpecification\",\"valueRequired\":true,\"valueName\":\"search_term_string\"}}],\"inLanguage\":\"en-GB\"},{\"@type\":\"Organization\",\"@id\":\"https:\\\/\\\/lescarderievins.com\\\/#organization\",\"name\":\"Ch\u00e2teau l'Escarderie\",\"url\":\"https:\\\/\\\/lescarderievins.com\\\/\",\"logo\":{\"@type\":\"ImageObject\",\"inLanguage\":\"en-GB\",\"@id\":\"https:\\\/\\\/lescarderievins.com\\\/#\\\/schema\\\/logo\\\/image\\\/\",\"url\":\"https:\\\/\\\/lescarderievins.com\\\/wp-content\\\/uploads\\\/2017\\\/04\\\/volutes-e1506272293181.png\",\"contentUrl\":\"https:\\\/\\\/lescarderievins.com\\\/wp-content\\\/uploads\\\/2017\\\/04\\\/volutes-e1506272293181.png\",\"width\":355,\"height\":360,\"caption\":\"Ch\u00e2teau l'Escarderie\"},\"image\":{\"@id\":\"https:\\\/\\\/lescarderievins.com\\\/#\\\/schema\\\/logo\\\/image\\\/\"},\"sameAs\":[\"https:\\\/\\\/www.facebook.com\\\/search\\\/top\\\/?q=ch\u00e2teau l'escarderie\"]}]}<\/script>\n<!-- \/ Yoast SEO plugin. -->","yoast_head_json":{"title":"Salon professionnels 2025 - Ch\u00e2teau L&#039;Escarderie","robots":{"index":"index","follow":"follow","max-snippet":"max-snippet:-1","max-image-preview":"max-image-preview:large","max-video-preview":"max-video-preview:-1"},"canonical":"https:\/\/lescarderievins.com\/en\/evenement\/salon-professionnels-2025\/","og_locale":"en_GB","og_type":"article","og_title":"Salon professionnels 2025 - Ch\u00e2teau L&#039;Escarderie","og_description":"Le d\u00e9but de l&rsquo;ann\u00e9e est synonyme de trouvailles et retrouvailles, les professionnels su monde entier se retrouvant \u00e0 divers \u00e9v\u00e9nements plus ou moins internationaux&#8230; Nous serons \u00e0 deux d&rsquo;entre eux, Mill\u00e9sime Bio \u00e0 Montpellier (stand 374), et La Lev\u00e9e de la Loire \u00e0 Angers (stand H7). Et nous viendrons aussi \u00e0 Paris faire d\u00e9guster certaines cuv\u00e9es sur une p\u00e9niche, juste avant le salon Wine Paris. Si vous \u00eates professionnel, contactez-nous pour venir nous y rencontrer !","og_url":"https:\/\/lescarderievins.com\/en\/evenement\/salon-professionnels-2025\/","og_site_name":"Ch\u00e2teau L&#039;Escarderie","article_publisher":"https:\/\/www.facebook.com\/search\/top\/?q=ch%c3%a2teau%20l%27escarderie","article_modified_time":"2025-01-23T14:45:10+00:00","og_image":[{"width":1898,"height":2560,"url":"https:\/\/lescarderievins.com\/wp-content\/uploads\/2025\/01\/bordeaux-crush-paris-vect-civb-scaled.jpg","type":"image\/jpeg"}],"twitter_card":"summary_large_image","twitter_misc":{"Estimated reading time":"2 minutes"},"schema":{"@context":"https:\/\/schema.org","@graph":[{"@type":"WebPage","@id":"https:\/\/lescarderievins.com\/evenement\/salon-professionnels-2025\/","url":"https:\/\/lescarderievins.com\/evenement\/salon-professionnels-2025\/","name":"Salon professionnels 2025 - Ch\u00e2teau L&#039;Escarderie","isPartOf":{"@id":"https:\/\/lescarderievins.com\/#website"},"primaryImageOfPage":{"@id":"https:\/\/lescarderievins.com\/evenement\/salon-professionnels-2025\/#primaryimage"},"image":{"@id":"https:\/\/lescarderievins.com\/evenement\/salon-professionnels-2025\/#primaryimage"},"thumbnailUrl":"https:\/\/lescarderievins.com\/wp-content\/uploads\/2025\/01\/bordeaux-crush-paris-vect-civb-scaled.jpg","datePublished":"2025-01-23T14:35:30+00:00","dateModified":"2025-01-23T14:45:10+00:00","breadcrumb":{"@id":"https:\/\/lescarderievins.com\/evenement\/salon-professionnels-2025\/#breadcrumb"},"inLanguage":"en-GB","potentialAction":[{"@type":"ReadAction","target":["https:\/\/lescarderievins.com\/evenement\/salon-professionnels-2025\/"]}]},{"@type":"ImageObject","inLanguage":"en-GB","@id":"https:\/\/lescarderievins.com\/evenement\/salon-professionnels-2025\/#primaryimage","url":"https:\/\/lescarderievins.com\/wp-content\/uploads\/2025\/01\/bordeaux-crush-paris-vect-civb-scaled.jpg","contentUrl":"https:\/\/lescarderievins.com\/wp-content\/uploads\/2025\/01\/bordeaux-crush-paris-vect-civb-scaled.jpg","width":1898,"height":2560},{"@type":"BreadcrumbList","@id":"https:\/\/lescarderievins.com\/evenement\/salon-professionnels-2025\/#breadcrumb","itemListElement":[{"@type":"ListItem","position":1,"name":"Accueil","item":"https:\/\/lescarderievins.com\/"},{"@type":"ListItem","position":2,"name":"\u00c9v\u00e8nements","item":"https:\/\/lescarderievins.com\/evenements\/"},{"@type":"ListItem","position":3,"name":"Salon professionnels 2025"}]},{"@type":"WebSite","@id":"https:\/\/lescarderievins.com\/#website","url":"https:\/\/lescarderievins.com\/","name":"Ch\u00e2teau L&#039;Escarderie","description":"Fronsac Saint \u00e9milion","publisher":{"@id":"https:\/\/lescarderievins.com\/#organization"},"potentialAction":[{"@type":"SearchAction","target":{"@type":"EntryPoint","urlTemplate":"https:\/\/lescarderievins.com\/?s={search_term_string}"},"query-input":{"@type":"PropertyValueSpecification","valueRequired":true,"valueName":"search_term_string"}}],"inLanguage":"en-GB"},{"@type":"Organization","@id":"https:\/\/lescarderievins.com\/#organization","name":"Ch\u00e2teau l'Escarderie","url":"https:\/\/lescarderievins.com\/","logo":{"@type":"ImageObject","inLanguage":"en-GB","@id":"https:\/\/lescarderievins.com\/#\/schema\/logo\/image\/","url":"https:\/\/lescarderievins.com\/wp-content\/uploads\/2017\/04\/volutes-e1506272293181.png","contentUrl":"https:\/\/lescarderievins.com\/wp-content\/uploads\/2017\/04\/volutes-e1506272293181.png","width":355,"height":360,"caption":"Ch\u00e2teau l'Escarderie"},"image":{"@id":"https:\/\/lescarderievins.com\/#\/schema\/logo\/image\/"},"sameAs":["https:\/\/www.facebook.com\/search\/top\/?q=ch\u00e2teau l'escarderie"]}]}},"ticketed":false,"_links":{"self":[{"href":"https:\/\/lescarderievins.com\/en\/wp-json\/wp\/v2\/tribe_events\/2271","targetHints":{"allow":["GET"]}}],"collection":[{"href":"https:\/\/lescarderievins.com\/en\/wp-json\/wp\/v2\/tribe_events"}],"about":[{"href":"https:\/\/lescarderievins.com\/en\/wp-json\/wp\/v2\/types\/tribe_events"}],"author":[{"embeddable":true,"href":"https:\/\/lescarderievins.com\/en\/wp-json\/wp\/v2\/users\/1"}],"version-history":[{"count":1,"href":"https:\/\/lescarderievins.com\/en\/wp-json\/wp\/v2\/tribe_events\/2271\/revisions"}],"predecessor-version":[{"id":2275,"href":"https:\/\/lescarderievins.com\/en\/wp-json\/wp\/v2\/tribe_events\/2271\/revisions\/2275"}],"wp:featuredmedia":[{"embeddable":true,"href":"https:\/\/lescarderievins.com\/en\/wp-json\/wp\/v2\/media\/2272"}],"wp:attachment":[{"href":"https:\/\/lescarderievins.com\/en\/wp-json\/wp\/v2\/media?parent=2271"}],"wp:term":[{"taxonomy":"post_tag","embeddable":true,"href":"https:\/\/lescarderievins.com\/en\/wp-json\/wp\/v2\/tags?post=2271"},{"taxonomy":"tribe_events_cat","embeddable":true,"href":"https:\/\/lescarderievins.com\/en\/wp-json\/wp\/v2\/tribe_events_cat?post=2271"}],"curies":[{"name":"wp","href":"https:\/\/api.w.org\/{rel}","templated":true}]}}