{"id":2412,"date":"2025-06-13T14:44:15","date_gmt":"2025-06-13T14:44:15","guid":{"rendered":"https:\/\/lescarderievins.com\/?post_type=tribe_events&#038;p=2412"},"modified":"2025-06-13T15:09:50","modified_gmt":"2025-06-13T15:09:50","slug":"bordeaux-fete-le-vin","status":"publish","type":"tribe_events","link":"https:\/\/lescarderievins.com\/en\/evenement\/bordeaux-fete-le-vin\/","title":{"rendered":"Bordeaux F\u00eate le Vin"},"content":{"rendered":"<p>La grande f\u00eate annuelle des vins de Bordeaux revient du 19 au 22 juin 2025 &#8211; et nous y serons b\u00e9n\u00e9volement le vendredi 20 juin entre 14h et 19h environ, sur le stand des vins de Saint-Emilion-Pomerol-Fronsac, pour faire d\u00e9guster notre Passion 2020 et des vins d&rsquo;autres vignerons qui auront fourni des bouteilles.<\/p>\n<p>Si vous ne connaissez pas, c&rsquo;est \u00e0 faire absolument ! Un moment parfait pour tester toutes les appellations, comparer, passer un bon moment, en apprendre plus sur les vins et pour la premi\u00e8re fois, faire des achats ! Les vins seront disponibles sur le <a href=\"http:\/\/www.Shop.Bordeaux.com\">shop<\/a> et vous seront livr\u00e9s en group\u00e9 &#8211; super pratique \ud83d\ude09<\/p>\n<p>&nbsp;<\/p>\n<p>Plus d&rsquo;informations <a href=\"https:\/\/www.bordeaux-fete-le-vin.com\/\">ici<\/a><\/p>\n<figure id=\"attachment_2413\" aria-describedby=\"caption-attachment-2413\" style=\"width: 300px\" class=\"wp-caption alignnone\"><a href=\"https:\/\/www.bordeaux-fete-le-vin.com\/\"><img fetchpriority=\"high\" decoding=\"async\" class=\"size-medium wp-image-2413\" src=\"https:\/\/lescarderievins.com\/wp-content\/uploads\/2025\/06\/bdx-fete-le-vin-300x275.jpg\" alt=\"\" width=\"300\" height=\"275\" srcset=\"https:\/\/lescarderievins.com\/wp-content\/uploads\/2025\/06\/bdx-fete-le-vin-300x275.jpg 300w, https:\/\/lescarderievins.com\/wp-content\/uploads\/2025\/06\/bdx-fete-le-vin-13x12.jpg 13w, https:\/\/lescarderievins.com\/wp-content\/uploads\/2025\/06\/bdx-fete-le-vin.jpg 572w\" sizes=\"(max-width: 300px) 100vw, 300px\" \/><\/a><figcaption id=\"caption-attachment-2413\" class=\"wp-caption-text\">Screenshot<\/figcaption><\/figure>","protected":false},"excerpt":{"rendered":"<p>La grande f\u00eate annuelle des vins de Bordeaux revient du 19 au 22 juin 2025 &#8211; et nous y serons b\u00e9n\u00e9volement le vendredi 20 juin entre 14h et 19h environ, sur le stand des vins de Saint-Emilion-Pomerol-Fronsac, pour faire d\u00e9guster notre Passion 2020 et des vins d&rsquo;autres vignerons qui auront fourni des bouteilles. Si vous ne connaissez pas, c&rsquo;est \u00e0 faire absolument ! Un moment parfait pour tester toutes les appellations, comparer, passer un bon moment, en apprendre plus sur les vins et pour la premi\u00e8re fois, faire des achats ! Les vins seront disponibles sur le shop et vous seront livr\u00e9s en group\u00e9 &#8211; super pratique \ud83d\ude09 &nbsp; Plus d&rsquo;informations ici<\/p>","protected":false},"author":1,"featured_media":2413,"template":"","meta":{"_acf_changed":false,"_price":"","_stock":"","_tribe_ticket_header":"","_tribe_default_ticket_provider":"TEC\\Tickets\\Commerce\\Module","_ticket_start_date":"","_ticket_end_date":"","_tribe_ticket_show_description":"","_tribe_ticket_show_not_going":false,"_tribe_ticket_use_global_stock":"","_tribe_ticket_global_stock_level":"","_global_stock_mode":"","_global_stock_cap":"","_tribe_rsvp_for_event":"","_tribe_ticket_going_count":"","_tribe_ticket_not_going_count":"","_tribe_tickets_list":"[]","_tribe_ticket_has_attendee_info_fields":false,"_tribe_events_status":"","_tribe_events_status_reason":"","footnotes":"","_tec_slr_enabled":"","_tec_slr_layout":""},"tags":[],"tribe_events_cat":[],"class_list":["post-2412","tribe_events","type-tribe_events","status-publish","has-post-thumbnail","hentry"],"acf":[],"yoast_head":"<!-- This site is optimized with the Yoast SEO plugin v27.5 - https:\/\/yoast.com\/product\/yoast-seo-wordpress\/ -->\n<title>Bordeaux F\u00eate le Vin - Ch\u00e2teau L&#039;Escarderie<\/title>\n<meta name=\"description\" content=\"La grande f\u00eate annuelle des vins de Bordeaux revient du 19 au 22 juin 2025 - et nous y serons b\u00e9n\u00e9volement le vendredi 20 juin entre 14h et 19h environ, sur le stand des vins de Saint-Emilion-Pomerol-Fronsac, pour faire d\u00e9guster notre Passion 2020 et des vins d&#039;autres vignerons qui auront fourni des bouteilles.\" \/>\n<meta name=\"robots\" content=\"index, follow, max-snippet:-1, max-image-preview:large, max-video-preview:-1\" \/>\n<link rel=\"canonical\" href=\"https:\/\/lescarderievins.com\/en\/evenement\/bordeaux-fete-le-vin\/\" \/>\n<meta property=\"og:locale\" content=\"en_GB\" \/>\n<meta property=\"og:type\" content=\"article\" \/>\n<meta property=\"og:title\" content=\"Bordeaux F\u00eate le Vin - Ch\u00e2teau L&#039;Escarderie\" \/>\n<meta property=\"og:description\" content=\"La grande f\u00eate annuelle des vins de Bordeaux revient du 19 au 22 juin 2025 - et nous y serons b\u00e9n\u00e9volement le vendredi 20 juin entre 14h et 19h environ, sur le stand des vins de Saint-Emilion-Pomerol-Fronsac, pour faire d\u00e9guster notre Passion 2020 et des vins d&#039;autres vignerons qui auront fourni des bouteilles.\" \/>\n<meta property=\"og:url\" content=\"https:\/\/lescarderievins.com\/en\/evenement\/bordeaux-fete-le-vin\/\" \/>\n<meta property=\"og:site_name\" content=\"Ch\u00e2teau L&#039;Escarderie\" \/>\n<meta property=\"article:publisher\" content=\"https:\/\/www.facebook.com\/search\/top\/?q=ch%c3%a2teau%20l%27escarderie\" \/>\n<meta property=\"article:modified_time\" content=\"2025-06-13T15:09:50+00:00\" \/>\n<meta property=\"og:image\" content=\"https:\/\/lescarderievins.com\/wp-content\/uploads\/2025\/06\/bdx-fete-le-vin.jpg\" \/>\n\t<meta property=\"og:image:width\" content=\"572\" \/>\n\t<meta property=\"og:image:height\" content=\"524\" \/>\n\t<meta property=\"og:image:type\" content=\"image\/jpeg\" \/>\n<meta name=\"twitter:card\" content=\"summary_large_image\" \/>\n<meta name=\"twitter:label1\" content=\"Estimated reading time\" \/>\n\t<meta name=\"twitter:data1\" content=\"1 minute\" \/>\n<script type=\"application\/ld+json\" class=\"yoast-schema-graph\">{\"@context\":\"https:\\\/\\\/schema.org\",\"@graph\":[{\"@type\":\"WebPage\",\"@id\":\"https:\\\/\\\/lescarderievins.com\\\/evenement\\\/bordeaux-fete-le-vin\\\/\",\"url\":\"https:\\\/\\\/lescarderievins.com\\\/evenement\\\/bordeaux-fete-le-vin\\\/\",\"name\":\"Bordeaux F\u00eate le Vin - Ch\u00e2teau L&#039;Escarderie\",\"isPartOf\":{\"@id\":\"https:\\\/\\\/lescarderievins.com\\\/#website\"},\"primaryImageOfPage\":{\"@id\":\"https:\\\/\\\/lescarderievins.com\\\/evenement\\\/bordeaux-fete-le-vin\\\/#primaryimage\"},\"image\":{\"@id\":\"https:\\\/\\\/lescarderievins.com\\\/evenement\\\/bordeaux-fete-le-vin\\\/#primaryimage\"},\"thumbnailUrl\":\"https:\\\/\\\/lescarderievins.com\\\/wp-content\\\/uploads\\\/2025\\\/06\\\/bdx-fete-le-vin.jpg\",\"datePublished\":\"2025-06-13T14:44:15+00:00\",\"dateModified\":\"2025-06-13T15:09:50+00:00\",\"description\":\"La grande f\u00eate annuelle des vins de Bordeaux revient du 19 au 22 juin 2025 - et nous y serons b\u00e9n\u00e9volement le vendredi 20 juin entre 14h et 19h environ, sur le stand des vins de Saint-Emilion-Pomerol-Fronsac, pour faire d\u00e9guster notre Passion 2020 et des vins d'autres vignerons qui auront fourni des bouteilles.\",\"breadcrumb\":{\"@id\":\"https:\\\/\\\/lescarderievins.com\\\/evenement\\\/bordeaux-fete-le-vin\\\/#breadcrumb\"},\"inLanguage\":\"en-GB\",\"potentialAction\":[{\"@type\":\"ReadAction\",\"target\":[\"https:\\\/\\\/lescarderievins.com\\\/evenement\\\/bordeaux-fete-le-vin\\\/\"]}]},{\"@type\":\"ImageObject\",\"inLanguage\":\"en-GB\",\"@id\":\"https:\\\/\\\/lescarderievins.com\\\/evenement\\\/bordeaux-fete-le-vin\\\/#primaryimage\",\"url\":\"https:\\\/\\\/lescarderievins.com\\\/wp-content\\\/uploads\\\/2025\\\/06\\\/bdx-fete-le-vin.jpg\",\"contentUrl\":\"https:\\\/\\\/lescarderievins.com\\\/wp-content\\\/uploads\\\/2025\\\/06\\\/bdx-fete-le-vin.jpg\",\"width\":572,\"height\":524,\"caption\":\"Screenshot\"},{\"@type\":\"BreadcrumbList\",\"@id\":\"https:\\\/\\\/lescarderievins.com\\\/evenement\\\/bordeaux-fete-le-vin\\\/#breadcrumb\",\"itemListElement\":[{\"@type\":\"ListItem\",\"position\":1,\"name\":\"Accueil\",\"item\":\"https:\\\/\\\/lescarderievins.com\\\/\"},{\"@type\":\"ListItem\",\"position\":2,\"name\":\"\u00c9v\u00e8nements\",\"item\":\"https:\\\/\\\/lescarderievins.com\\\/evenements\\\/\"},{\"@type\":\"ListItem\",\"position\":3,\"name\":\"Bordeaux F\u00eate le Vin\"}]},{\"@type\":\"WebSite\",\"@id\":\"https:\\\/\\\/lescarderievins.com\\\/#website\",\"url\":\"https:\\\/\\\/lescarderievins.com\\\/\",\"name\":\"Ch\u00e2teau L&#039;Escarderie\",\"description\":\"Fronsac Saint \u00e9milion\",\"publisher\":{\"@id\":\"https:\\\/\\\/lescarderievins.com\\\/#organization\"},\"potentialAction\":[{\"@type\":\"SearchAction\",\"target\":{\"@type\":\"EntryPoint\",\"urlTemplate\":\"https:\\\/\\\/lescarderievins.com\\\/?s={search_term_string}\"},\"query-input\":{\"@type\":\"PropertyValueSpecification\",\"valueRequired\":true,\"valueName\":\"search_term_string\"}}],\"inLanguage\":\"en-GB\"},{\"@type\":\"Organization\",\"@id\":\"https:\\\/\\\/lescarderievins.com\\\/#organization\",\"name\":\"Ch\u00e2teau l'Escarderie\",\"url\":\"https:\\\/\\\/lescarderievins.com\\\/\",\"logo\":{\"@type\":\"ImageObject\",\"inLanguage\":\"en-GB\",\"@id\":\"https:\\\/\\\/lescarderievins.com\\\/#\\\/schema\\\/logo\\\/image\\\/\",\"url\":\"https:\\\/\\\/lescarderievins.com\\\/wp-content\\\/uploads\\\/2017\\\/04\\\/volutes-e1506272293181.png\",\"contentUrl\":\"https:\\\/\\\/lescarderievins.com\\\/wp-content\\\/uploads\\\/2017\\\/04\\\/volutes-e1506272293181.png\",\"width\":355,\"height\":360,\"caption\":\"Ch\u00e2teau l'Escarderie\"},\"image\":{\"@id\":\"https:\\\/\\\/lescarderievins.com\\\/#\\\/schema\\\/logo\\\/image\\\/\"},\"sameAs\":[\"https:\\\/\\\/www.facebook.com\\\/search\\\/top\\\/?q=ch\u00e2teau l'escarderie\"]}]}<\/script>\n<!-- \/ Yoast SEO plugin. -->","yoast_head_json":{"title":"Bordeaux F\u00eate le Vin - Ch\u00e2teau L&#039;Escarderie","description":"La grande f\u00eate annuelle des vins de Bordeaux revient du 19 au 22 juin 2025 - et nous y serons b\u00e9n\u00e9volement le vendredi 20 juin entre 14h et 19h environ, sur le stand des vins de Saint-Emilion-Pomerol-Fronsac, pour faire d\u00e9guster notre Passion 2020 et des vins d'autres vignerons qui auront fourni des bouteilles.","robots":{"index":"index","follow":"follow","max-snippet":"max-snippet:-1","max-image-preview":"max-image-preview:large","max-video-preview":"max-video-preview:-1"},"canonical":"https:\/\/lescarderievins.com\/en\/evenement\/bordeaux-fete-le-vin\/","og_locale":"en_GB","og_type":"article","og_title":"Bordeaux F\u00eate le Vin - Ch\u00e2teau L&#039;Escarderie","og_description":"La grande f\u00eate annuelle des vins de Bordeaux revient du 19 au 22 juin 2025 - et nous y serons b\u00e9n\u00e9volement le vendredi 20 juin entre 14h et 19h environ, sur le stand des vins de Saint-Emilion-Pomerol-Fronsac, pour faire d\u00e9guster notre Passion 2020 et des vins d'autres vignerons qui auront fourni des bouteilles.","og_url":"https:\/\/lescarderievins.com\/en\/evenement\/bordeaux-fete-le-vin\/","og_site_name":"Ch\u00e2teau L&#039;Escarderie","article_publisher":"https:\/\/www.facebook.com\/search\/top\/?q=ch%c3%a2teau%20l%27escarderie","article_modified_time":"2025-06-13T15:09:50+00:00","og_image":[{"width":572,"height":524,"url":"https:\/\/lescarderievins.com\/wp-content\/uploads\/2025\/06\/bdx-fete-le-vin.jpg","type":"image\/jpeg"}],"twitter_card":"summary_large_image","twitter_misc":{"Estimated reading time":"1 minute"},"schema":{"@context":"https:\/\/schema.org","@graph":[{"@type":"WebPage","@id":"https:\/\/lescarderievins.com\/evenement\/bordeaux-fete-le-vin\/","url":"https:\/\/lescarderievins.com\/evenement\/bordeaux-fete-le-vin\/","name":"Bordeaux F\u00eate le Vin - Ch\u00e2teau L&#039;Escarderie","isPartOf":{"@id":"https:\/\/lescarderievins.com\/#website"},"primaryImageOfPage":{"@id":"https:\/\/lescarderievins.com\/evenement\/bordeaux-fete-le-vin\/#primaryimage"},"image":{"@id":"https:\/\/lescarderievins.com\/evenement\/bordeaux-fete-le-vin\/#primaryimage"},"thumbnailUrl":"https:\/\/lescarderievins.com\/wp-content\/uploads\/2025\/06\/bdx-fete-le-vin.jpg","datePublished":"2025-06-13T14:44:15+00:00","dateModified":"2025-06-13T15:09:50+00:00","description":"La grande f\u00eate annuelle des vins de Bordeaux revient du 19 au 22 juin 2025 - et nous y serons b\u00e9n\u00e9volement le vendredi 20 juin entre 14h et 19h environ, sur le stand des vins de Saint-Emilion-Pomerol-Fronsac, pour faire d\u00e9guster notre Passion 2020 et des vins d'autres vignerons qui auront fourni des bouteilles.","breadcrumb":{"@id":"https:\/\/lescarderievins.com\/evenement\/bordeaux-fete-le-vin\/#breadcrumb"},"inLanguage":"en-GB","potentialAction":[{"@type":"ReadAction","target":["https:\/\/lescarderievins.com\/evenement\/bordeaux-fete-le-vin\/"]}]},{"@type":"ImageObject","inLanguage":"en-GB","@id":"https:\/\/lescarderievins.com\/evenement\/bordeaux-fete-le-vin\/#primaryimage","url":"https:\/\/lescarderievins.com\/wp-content\/uploads\/2025\/06\/bdx-fete-le-vin.jpg","contentUrl":"https:\/\/lescarderievins.com\/wp-content\/uploads\/2025\/06\/bdx-fete-le-vin.jpg","width":572,"height":524,"caption":"Screenshot"},{"@type":"BreadcrumbList","@id":"https:\/\/lescarderievins.com\/evenement\/bordeaux-fete-le-vin\/#breadcrumb","itemListElement":[{"@type":"ListItem","position":1,"name":"Accueil","item":"https:\/\/lescarderievins.com\/"},{"@type":"ListItem","position":2,"name":"\u00c9v\u00e8nements","item":"https:\/\/lescarderievins.com\/evenements\/"},{"@type":"ListItem","position":3,"name":"Bordeaux F\u00eate le Vin"}]},{"@type":"WebSite","@id":"https:\/\/lescarderievins.com\/#website","url":"https:\/\/lescarderievins.com\/","name":"Ch\u00e2teau L&#039;Escarderie","description":"Fronsac Saint \u00e9milion","publisher":{"@id":"https:\/\/lescarderievins.com\/#organization"},"potentialAction":[{"@type":"SearchAction","target":{"@type":"EntryPoint","urlTemplate":"https:\/\/lescarderievins.com\/?s={search_term_string}"},"query-input":{"@type":"PropertyValueSpecification","valueRequired":true,"valueName":"search_term_string"}}],"inLanguage":"en-GB"},{"@type":"Organization","@id":"https:\/\/lescarderievins.com\/#organization","name":"Ch\u00e2teau l'Escarderie","url":"https:\/\/lescarderievins.com\/","logo":{"@type":"ImageObject","inLanguage":"en-GB","@id":"https:\/\/lescarderievins.com\/#\/schema\/logo\/image\/","url":"https:\/\/lescarderievins.com\/wp-content\/uploads\/2017\/04\/volutes-e1506272293181.png","contentUrl":"https:\/\/lescarderievins.com\/wp-content\/uploads\/2017\/04\/volutes-e1506272293181.png","width":355,"height":360,"caption":"Ch\u00e2teau l'Escarderie"},"image":{"@id":"https:\/\/lescarderievins.com\/#\/schema\/logo\/image\/"},"sameAs":["https:\/\/www.facebook.com\/search\/top\/?q=ch\u00e2teau l'escarderie"]}]}},"ticketed":false,"_links":{"self":[{"href":"https:\/\/lescarderievins.com\/en\/wp-json\/wp\/v2\/tribe_events\/2412","targetHints":{"allow":["GET"]}}],"collection":[{"href":"https:\/\/lescarderievins.com\/en\/wp-json\/wp\/v2\/tribe_events"}],"about":[{"href":"https:\/\/lescarderievins.com\/en\/wp-json\/wp\/v2\/types\/tribe_events"}],"author":[{"embeddable":true,"href":"https:\/\/lescarderievins.com\/en\/wp-json\/wp\/v2\/users\/1"}],"version-history":[{"count":2,"href":"https:\/\/lescarderievins.com\/en\/wp-json\/wp\/v2\/tribe_events\/2412\/revisions"}],"predecessor-version":[{"id":2417,"href":"https:\/\/lescarderievins.com\/en\/wp-json\/wp\/v2\/tribe_events\/2412\/revisions\/2417"}],"wp:featuredmedia":[{"embeddable":true,"href":"https:\/\/lescarderievins.com\/en\/wp-json\/wp\/v2\/media\/2413"}],"wp:attachment":[{"href":"https:\/\/lescarderievins.com\/en\/wp-json\/wp\/v2\/media?parent=2412"}],"wp:term":[{"taxonomy":"post_tag","embeddable":true,"href":"https:\/\/lescarderievins.com\/en\/wp-json\/wp\/v2\/tags?post=2412"},{"taxonomy":"tribe_events_cat","embeddable":true,"href":"https:\/\/lescarderievins.com\/en\/wp-json\/wp\/v2\/tribe_events_cat?post=2412"}],"curies":[{"name":"wp","href":"https:\/\/api.w.org\/{rel}","templated":true}]}}