{"id":2461,"date":"2025-09-21T16:48:24","date_gmt":"2025-09-21T16:48:24","guid":{"rendered":"https:\/\/lescarderievins.com\/?post_type=tribe_events&#038;p=2461"},"modified":"2025-09-26T19:05:41","modified_gmt":"2025-09-26T19:05:41","slug":"10-ans-de-lescarderie","status":"publish","type":"tribe_events","link":"https:\/\/lescarderievins.com\/en\/evenement\/10-ans-de-lescarderie\/","title":{"rendered":"10 ans de l&rsquo;Escarderie"},"content":{"rendered":"<p>Le 5 octobre 2025, venez f\u00eater avec nous les 10 ans de notre vie de vignerons !<\/p>\n<p>Au programme :<br \/>\nRepas avec verticale de nos vins<br \/>\nBalade comment\u00e9e dans les vignes<br \/>\nConcert de blues par le Howlin&rsquo; Blues Trio, un petit avant-go\u00fbt<a href=\"https:\/\/youtu.be\/0bu_uIASKWg?si=_v39e7pZSu3U4Pid\"> ici\u00a0<\/a><\/p>\n<p>Places limit\u00e9es alors ne tardez pas, r\u00e9servez !<\/p>\n<p>Le tarif inclut le repas (velout\u00e9 de butternut, mijot\u00e9 de dinde aux cacahu\u00e8tes ou chili sin carne, compot\u00e9e de fruits).<\/p>\n<p><img fetchpriority=\"high\" decoding=\"async\" class=\"alignnone size-medium wp-image-2463\" src=\"https:\/\/lescarderievins.com\/wp-content\/uploads\/2025\/09\/invitation-10-ans-escarderie-300x214.jpg\" alt=\"\" width=\"300\" height=\"214\" srcset=\"https:\/\/lescarderievins.com\/wp-content\/uploads\/2025\/09\/invitation-10-ans-escarderie-300x214.jpg 300w, https:\/\/lescarderievins.com\/wp-content\/uploads\/2025\/09\/invitation-10-ans-escarderie-1024x730.jpg 1024w, https:\/\/lescarderievins.com\/wp-content\/uploads\/2025\/09\/invitation-10-ans-escarderie-768x547.jpg 768w, https:\/\/lescarderievins.com\/wp-content\/uploads\/2025\/09\/invitation-10-ans-escarderie-1536x1095.jpg 1536w, https:\/\/lescarderievins.com\/wp-content\/uploads\/2025\/09\/invitation-10-ans-escarderie-2048x1460.jpg 2048w, https:\/\/lescarderievins.com\/wp-content\/uploads\/2025\/09\/invitation-10-ans-escarderie-18x12.jpg 18w, https:\/\/lescarderievins.com\/wp-content\/uploads\/2025\/09\/invitation-10-ans-escarderie-600x428.jpg 600w\" sizes=\"(max-width: 300px) 100vw, 300px\" \/><\/p>","protected":false},"excerpt":{"rendered":"<p>Le 5 octobre 2025, venez f\u00eater avec nous les 10 ans de notre vie de vignerons ! Au programme : Repas avec verticale de nos vins Balade comment\u00e9e dans les vignes Concert de blues par le Howlin&rsquo; Blues Trio, un petit avant-go\u00fbt ici\u00a0 Places limit\u00e9es alors ne tardez pas, r\u00e9servez ! Le tarif inclut le repas (velout\u00e9 de butternut, mijot\u00e9 de dinde aux cacahu\u00e8tes ou chili sin carne, compot\u00e9e de fruits).<\/p>","protected":false},"author":1,"featured_media":2463,"template":"","meta":{"_acf_changed":false,"_price":"","_stock":"","_tribe_ticket_header":"2463","_tribe_default_ticket_provider":"TEC\\Tickets\\Commerce\\Module","_ticket_start_date":"","_ticket_end_date":"","_tribe_ticket_show_description":"","_tribe_ticket_show_not_going":false,"_tribe_ticket_use_global_stock":"","_tribe_ticket_global_stock_level":"","_global_stock_mode":"","_global_stock_cap":"","_tribe_rsvp_for_event":"","_tribe_ticket_going_count":"","_tribe_ticket_not_going_count":"","_tribe_tickets_list":"[{\"id\":2465,\"type\":\"default\",\"title\":\"10 ans de l&#039;Escarderie\",\"description\":\"Tent\\u00e9s ? R\\u00e9servez votre place ici !\\r\\nRendez-vous le 5 octobre a 12h30 au 6 rue de Goffre.\\r\\nRepas et d\\u00e9gustation de vins, balade dans les vignes et concert de blues.\\r\\nFin aux alentours de 18h30.\",\"capacityType\":\"own\",\"price\":\"35\",\"capacity\":30,\"available\":21,\"sharedCapacity\":30,\"sold\":9,\"shareSold\":9,\"isShared\":false,\"currencyDecimalPoint\":\",\",\"currencyNumberOfDecimals\":2,\"currencyPosition\":\"prefix\",\"currencySymbol\":\"\\u20ac\",\"currencyThousandsSep\":\".\"}]","_tribe_ticket_has_attendee_info_fields":false,"_tribe_events_status":"","_tribe_events_status_reason":"","footnotes":"","_tec_slr_enabled":"","_tec_slr_layout":""},"tags":[],"tribe_events_cat":[],"class_list":["post-2461","tribe_events","type-tribe_events","status-publish","has-post-thumbnail","hentry"],"acf":[],"yoast_head":"<!-- This site is optimized with the Yoast SEO plugin v27.5 - https:\/\/yoast.com\/product\/yoast-seo-wordpress\/ -->\n<title>10 ans de l&#039;Escarderie - Ch\u00e2teau L&#039;Escarderie<\/title>\n<meta name=\"description\" content=\"Une apr\u00e8s-midi pour f\u00eater nos 10 ans de vie de vignerons. Inscrivez-vous vite !\" \/>\n<meta name=\"robots\" content=\"index, follow, max-snippet:-1, max-image-preview:large, max-video-preview:-1\" \/>\n<link rel=\"canonical\" href=\"https:\/\/lescarderievins.com\/en\/evenement\/10-ans-de-lescarderie\/\" \/>\n<meta property=\"og:locale\" content=\"en_GB\" \/>\n<meta property=\"og:type\" content=\"article\" \/>\n<meta property=\"og:title\" content=\"10 ans de l&#039;Escarderie - Ch\u00e2teau L&#039;Escarderie\" \/>\n<meta property=\"og:description\" content=\"Une apr\u00e8s-midi pour f\u00eater nos 10 ans de vie de vignerons. Inscrivez-vous vite !\" \/>\n<meta property=\"og:url\" content=\"https:\/\/lescarderievins.com\/en\/evenement\/10-ans-de-lescarderie\/\" \/>\n<meta property=\"og:site_name\" content=\"Ch\u00e2teau L&#039;Escarderie\" \/>\n<meta property=\"article:publisher\" content=\"https:\/\/www.facebook.com\/search\/top\/?q=ch%c3%a2teau%20l%27escarderie\" \/>\n<meta property=\"article:modified_time\" content=\"2025-09-26T19:05:41+00:00\" \/>\n<meta property=\"og:image\" content=\"https:\/\/lescarderievins.com\/wp-content\/uploads\/2025\/09\/invitation-10-ans-escarderie-scaled.jpg\" \/>\n\t<meta property=\"og:image:width\" content=\"2560\" \/>\n\t<meta property=\"og:image:height\" content=\"1825\" \/>\n\t<meta property=\"og:image:type\" content=\"image\/jpeg\" \/>\n<meta name=\"twitter:card\" content=\"summary_large_image\" \/>\n<meta name=\"twitter:label1\" content=\"Estimated reading time\" \/>\n\t<meta name=\"twitter:data1\" content=\"1 minute\" \/>\n<script type=\"application\/ld+json\" class=\"yoast-schema-graph\">{\"@context\":\"https:\\\/\\\/schema.org\",\"@graph\":[{\"@type\":\"WebPage\",\"@id\":\"https:\\\/\\\/lescarderievins.com\\\/evenement\\\/10-ans-de-lescarderie\\\/\",\"url\":\"https:\\\/\\\/lescarderievins.com\\\/evenement\\\/10-ans-de-lescarderie\\\/\",\"name\":\"10 ans de l'Escarderie - Ch\u00e2teau L&#039;Escarderie\",\"isPartOf\":{\"@id\":\"https:\\\/\\\/lescarderievins.com\\\/#website\"},\"primaryImageOfPage\":{\"@id\":\"https:\\\/\\\/lescarderievins.com\\\/evenement\\\/10-ans-de-lescarderie\\\/#primaryimage\"},\"image\":{\"@id\":\"https:\\\/\\\/lescarderievins.com\\\/evenement\\\/10-ans-de-lescarderie\\\/#primaryimage\"},\"thumbnailUrl\":\"https:\\\/\\\/lescarderievins.com\\\/wp-content\\\/uploads\\\/2025\\\/09\\\/invitation-10-ans-escarderie-scaled.jpg\",\"datePublished\":\"2025-09-21T16:48:24+00:00\",\"dateModified\":\"2025-09-26T19:05:41+00:00\",\"description\":\"Une apr\u00e8s-midi pour f\u00eater nos 10 ans de vie de vignerons. Inscrivez-vous vite !\",\"breadcrumb\":{\"@id\":\"https:\\\/\\\/lescarderievins.com\\\/evenement\\\/10-ans-de-lescarderie\\\/#breadcrumb\"},\"inLanguage\":\"en-GB\",\"potentialAction\":[{\"@type\":\"ReadAction\",\"target\":[\"https:\\\/\\\/lescarderievins.com\\\/evenement\\\/10-ans-de-lescarderie\\\/\"]}]},{\"@type\":\"ImageObject\",\"inLanguage\":\"en-GB\",\"@id\":\"https:\\\/\\\/lescarderievins.com\\\/evenement\\\/10-ans-de-lescarderie\\\/#primaryimage\",\"url\":\"https:\\\/\\\/lescarderievins.com\\\/wp-content\\\/uploads\\\/2025\\\/09\\\/invitation-10-ans-escarderie-scaled.jpg\",\"contentUrl\":\"https:\\\/\\\/lescarderievins.com\\\/wp-content\\\/uploads\\\/2025\\\/09\\\/invitation-10-ans-escarderie-scaled.jpg\",\"width\":2560,\"height\":1825},{\"@type\":\"BreadcrumbList\",\"@id\":\"https:\\\/\\\/lescarderievins.com\\\/evenement\\\/10-ans-de-lescarderie\\\/#breadcrumb\",\"itemListElement\":[{\"@type\":\"ListItem\",\"position\":1,\"name\":\"Accueil\",\"item\":\"https:\\\/\\\/lescarderievins.com\\\/\"},{\"@type\":\"ListItem\",\"position\":2,\"name\":\"\u00c9v\u00e8nements\",\"item\":\"https:\\\/\\\/lescarderievins.com\\\/evenements\\\/\"},{\"@type\":\"ListItem\",\"position\":3,\"name\":\"10 ans de l&rsquo;Escarderie\"}]},{\"@type\":\"WebSite\",\"@id\":\"https:\\\/\\\/lescarderievins.com\\\/#website\",\"url\":\"https:\\\/\\\/lescarderievins.com\\\/\",\"name\":\"Ch\u00e2teau L&#039;Escarderie\",\"description\":\"Fronsac Saint \u00e9milion\",\"publisher\":{\"@id\":\"https:\\\/\\\/lescarderievins.com\\\/#organization\"},\"potentialAction\":[{\"@type\":\"SearchAction\",\"target\":{\"@type\":\"EntryPoint\",\"urlTemplate\":\"https:\\\/\\\/lescarderievins.com\\\/?s={search_term_string}\"},\"query-input\":{\"@type\":\"PropertyValueSpecification\",\"valueRequired\":true,\"valueName\":\"search_term_string\"}}],\"inLanguage\":\"en-GB\"},{\"@type\":\"Organization\",\"@id\":\"https:\\\/\\\/lescarderievins.com\\\/#organization\",\"name\":\"Ch\u00e2teau l'Escarderie\",\"url\":\"https:\\\/\\\/lescarderievins.com\\\/\",\"logo\":{\"@type\":\"ImageObject\",\"inLanguage\":\"en-GB\",\"@id\":\"https:\\\/\\\/lescarderievins.com\\\/#\\\/schema\\\/logo\\\/image\\\/\",\"url\":\"https:\\\/\\\/lescarderievins.com\\\/wp-content\\\/uploads\\\/2017\\\/04\\\/volutes-e1506272293181.png\",\"contentUrl\":\"https:\\\/\\\/lescarderievins.com\\\/wp-content\\\/uploads\\\/2017\\\/04\\\/volutes-e1506272293181.png\",\"width\":355,\"height\":360,\"caption\":\"Ch\u00e2teau l'Escarderie\"},\"image\":{\"@id\":\"https:\\\/\\\/lescarderievins.com\\\/#\\\/schema\\\/logo\\\/image\\\/\"},\"sameAs\":[\"https:\\\/\\\/www.facebook.com\\\/search\\\/top\\\/?q=ch\u00e2teau l'escarderie\"]}]}<\/script>\n<!-- \/ Yoast SEO plugin. -->","yoast_head_json":{"title":"10 ans de l'Escarderie - Ch\u00e2teau L&#039;Escarderie","description":"Une apr\u00e8s-midi pour f\u00eater nos 10 ans de vie de vignerons. Inscrivez-vous vite !","robots":{"index":"index","follow":"follow","max-snippet":"max-snippet:-1","max-image-preview":"max-image-preview:large","max-video-preview":"max-video-preview:-1"},"canonical":"https:\/\/lescarderievins.com\/en\/evenement\/10-ans-de-lescarderie\/","og_locale":"en_GB","og_type":"article","og_title":"10 ans de l'Escarderie - Ch\u00e2teau L&#039;Escarderie","og_description":"Une apr\u00e8s-midi pour f\u00eater nos 10 ans de vie de vignerons. Inscrivez-vous vite !","og_url":"https:\/\/lescarderievins.com\/en\/evenement\/10-ans-de-lescarderie\/","og_site_name":"Ch\u00e2teau L&#039;Escarderie","article_publisher":"https:\/\/www.facebook.com\/search\/top\/?q=ch%c3%a2teau%20l%27escarderie","article_modified_time":"2025-09-26T19:05:41+00:00","og_image":[{"width":2560,"height":1825,"url":"https:\/\/lescarderievins.com\/wp-content\/uploads\/2025\/09\/invitation-10-ans-escarderie-scaled.jpg","type":"image\/jpeg"}],"twitter_card":"summary_large_image","twitter_misc":{"Estimated reading time":"1 minute"},"schema":{"@context":"https:\/\/schema.org","@graph":[{"@type":"WebPage","@id":"https:\/\/lescarderievins.com\/evenement\/10-ans-de-lescarderie\/","url":"https:\/\/lescarderievins.com\/evenement\/10-ans-de-lescarderie\/","name":"10 ans de l'Escarderie - Ch\u00e2teau L&#039;Escarderie","isPartOf":{"@id":"https:\/\/lescarderievins.com\/#website"},"primaryImageOfPage":{"@id":"https:\/\/lescarderievins.com\/evenement\/10-ans-de-lescarderie\/#primaryimage"},"image":{"@id":"https:\/\/lescarderievins.com\/evenement\/10-ans-de-lescarderie\/#primaryimage"},"thumbnailUrl":"https:\/\/lescarderievins.com\/wp-content\/uploads\/2025\/09\/invitation-10-ans-escarderie-scaled.jpg","datePublished":"2025-09-21T16:48:24+00:00","dateModified":"2025-09-26T19:05:41+00:00","description":"Une apr\u00e8s-midi pour f\u00eater nos 10 ans de vie de vignerons. Inscrivez-vous vite !","breadcrumb":{"@id":"https:\/\/lescarderievins.com\/evenement\/10-ans-de-lescarderie\/#breadcrumb"},"inLanguage":"en-GB","potentialAction":[{"@type":"ReadAction","target":["https:\/\/lescarderievins.com\/evenement\/10-ans-de-lescarderie\/"]}]},{"@type":"ImageObject","inLanguage":"en-GB","@id":"https:\/\/lescarderievins.com\/evenement\/10-ans-de-lescarderie\/#primaryimage","url":"https:\/\/lescarderievins.com\/wp-content\/uploads\/2025\/09\/invitation-10-ans-escarderie-scaled.jpg","contentUrl":"https:\/\/lescarderievins.com\/wp-content\/uploads\/2025\/09\/invitation-10-ans-escarderie-scaled.jpg","width":2560,"height":1825},{"@type":"BreadcrumbList","@id":"https:\/\/lescarderievins.com\/evenement\/10-ans-de-lescarderie\/#breadcrumb","itemListElement":[{"@type":"ListItem","position":1,"name":"Accueil","item":"https:\/\/lescarderievins.com\/"},{"@type":"ListItem","position":2,"name":"\u00c9v\u00e8nements","item":"https:\/\/lescarderievins.com\/evenements\/"},{"@type":"ListItem","position":3,"name":"10 ans de l&rsquo;Escarderie"}]},{"@type":"WebSite","@id":"https:\/\/lescarderievins.com\/#website","url":"https:\/\/lescarderievins.com\/","name":"Ch\u00e2teau L&#039;Escarderie","description":"Fronsac Saint \u00e9milion","publisher":{"@id":"https:\/\/lescarderievins.com\/#organization"},"potentialAction":[{"@type":"SearchAction","target":{"@type":"EntryPoint","urlTemplate":"https:\/\/lescarderievins.com\/?s={search_term_string}"},"query-input":{"@type":"PropertyValueSpecification","valueRequired":true,"valueName":"search_term_string"}}],"inLanguage":"en-GB"},{"@type":"Organization","@id":"https:\/\/lescarderievins.com\/#organization","name":"Ch\u00e2teau l'Escarderie","url":"https:\/\/lescarderievins.com\/","logo":{"@type":"ImageObject","inLanguage":"en-GB","@id":"https:\/\/lescarderievins.com\/#\/schema\/logo\/image\/","url":"https:\/\/lescarderievins.com\/wp-content\/uploads\/2017\/04\/volutes-e1506272293181.png","contentUrl":"https:\/\/lescarderievins.com\/wp-content\/uploads\/2017\/04\/volutes-e1506272293181.png","width":355,"height":360,"caption":"Ch\u00e2teau l'Escarderie"},"image":{"@id":"https:\/\/lescarderievins.com\/#\/schema\/logo\/image\/"},"sameAs":["https:\/\/www.facebook.com\/search\/top\/?q=ch\u00e2teau l'escarderie"]}]}},"ticketed":["tc"],"_links":{"self":[{"href":"https:\/\/lescarderievins.com\/en\/wp-json\/wp\/v2\/tribe_events\/2461","targetHints":{"allow":["GET"]}}],"collection":[{"href":"https:\/\/lescarderievins.com\/en\/wp-json\/wp\/v2\/tribe_events"}],"about":[{"href":"https:\/\/lescarderievins.com\/en\/wp-json\/wp\/v2\/types\/tribe_events"}],"author":[{"embeddable":true,"href":"https:\/\/lescarderievins.com\/en\/wp-json\/wp\/v2\/users\/1"}],"version-history":[{"count":4,"href":"https:\/\/lescarderievins.com\/en\/wp-json\/wp\/v2\/tribe_events\/2461\/revisions"}],"predecessor-version":[{"id":2486,"href":"https:\/\/lescarderievins.com\/en\/wp-json\/wp\/v2\/tribe_events\/2461\/revisions\/2486"}],"wp:featuredmedia":[{"embeddable":true,"href":"https:\/\/lescarderievins.com\/en\/wp-json\/wp\/v2\/media\/2463"}],"wp:attachment":[{"href":"https:\/\/lescarderievins.com\/en\/wp-json\/wp\/v2\/media?parent=2461"}],"wp:term":[{"taxonomy":"post_tag","embeddable":true,"href":"https:\/\/lescarderievins.com\/en\/wp-json\/wp\/v2\/tags?post=2461"},{"taxonomy":"tribe_events_cat","embeddable":true,"href":"https:\/\/lescarderievins.com\/en\/wp-json\/wp\/v2\/tribe_events_cat?post=2461"}],"curies":[{"name":"wp","href":"https:\/\/api.w.org\/{rel}","templated":true}]}}